{"id":10108,"date":"2022-07-04T18:00:38","date_gmt":"2022-07-04T17:00:38","guid":{"rendered":"https:\/\/museudoporto.pt\/?post_type=resource&#038;p=10108"},"modified":"2023-03-15T15:05:27","modified_gmt":"2023-03-15T15:05:27","slug":"percurso-especial-1-carlos-alberto-antes-do-porto-personalidade-e-relacoes-familiares-a-verdadeira-historia-de-um-rei-romantico","status":"publish","type":"resource","link":"https:\/\/museudoporto.pt\/en\/recurso\/percurso-especial-1-carlos-alberto-antes-do-porto-personalidade-e-relacoes-familiares-a-verdadeira-historia-de-um-rei-romantico\/","title":{"rendered":"Percurso Especial #1\u2014Carlos Alberto antes do Porto: personalidade e rela\u00e7\u00f5es familiares &#8211; a verdadeira hist\u00f3ria de um rei rom\u00e2ntico"},"content":{"rendered":"","protected":false},"featured_media":10109,"template":"","resource_category":[65,22],"class_list":["post-10108","resource","type-resource","status-publish","has-post-thumbnail","hentry","resource_category-caminhos-atividade","resource_category-programas-operativos-2"],"acf":{"breadcrumb":[{"page":"Programas Operativos"},{"page":"Caminhos"}],"ambient_sound":false,"file":false,"content":[{"acf_fc_layout":"event","display_title":"Percurso Especial #1\u2014Carlos Alberto antes do Porto: personalidade e rela\u00e7\u00f5es familiares - a verdadeira hist\u00f3ria de um rei rom\u00e2ntico","subtitle":"<p>Caminhos do Rom\u00e2ntico, com Francisco Queiroz<\/p>\n","date":{"show_time":true,"type":"sessions","date":null,"start_date":"23\/07\/2022 15:00","end_date":"23\/07\/2022 17:00"},"sessions":"","location":{"type":"station","station":{"ID":10918,"post_author":"11","post_date":"2022-09-23 16:23:42","post_date_gmt":"2022-09-23 15:23:42","post_content":"","post_title":"ROMANTICISM EXTENSION","post_excerpt":"","post_status":"publish","comment_status":"closed","ping_status":"closed","post_password":"","post_name":"romanticism-extension","to_ping":"","pinged":"","post_modified":"2022-10-07 18:31:00","post_modified_gmt":"2022-10-07 17:31:00","post_content_filtered":"","post_parent":0,"guid":"https:\/\/museudoporto.pt\/?post_type=station&#038;p=10918","menu_order":3,"post_type":"station","post_mime_type":"","comment_count":"0","filter":"raw"},"location":""},"media":{"type":false,"image":{"ID":10110,"id":10110,"title":"Carlos Alberto no Porto por Antonio Puccinelli c 1865 Bologna Museo civico del Risorgimento","filename":"Carlos-Alberto-no-Porto-por-Antonio-Puccinelli-c-1865-Bologna-Museo-civico-del-Risorgimento-e1681481138986.jpg","filesize":118994,"url":"https:\/\/museudoporto.pt\/wp-content\/uploads\/2022\/07\/Carlos-Alberto-no-Porto-por-Antonio-Puccinelli-c-1865-Bologna-Museo-civico-del-Risorgimento-e1681481138986.jpg","link":"https:\/\/museudoporto.pt\/en\/carlos-alberto-no-porto-por-antonio-puccinelli-c-1865-bologna-museo-civico-del-risorgimento-2\/","alt":"","author":"7","description":"","caption":"","name":"carlos-alberto-no-porto-por-antonio-puccinelli-c-1865-bologna-museo-civico-del-risorgimento-2","status":"inherit","uploaded_to":0,"date":"2022-07-01 11:21:02","modified":"2022-07-01 11:21:35","menu_order":0,"mime_type":"image\/jpeg","type":"image","subtype":"jpeg","icon":"https:\/\/museudoporto.pt\/wp-includes\/images\/media\/default.png","width":876,"height":1194,"sizes":{"thumbnail":"https:\/\/museudoporto.pt\/wp-content\/uploads\/2022\/07\/Carlos-Alberto-no-Porto-por-Antonio-Puccinelli-c-1865-Bologna-Museo-civico-del-Risorgimento-150x150.jpg","thumbnail-width":150,"thumbnail-height":150,"medium":"https:\/\/museudoporto.pt\/wp-content\/uploads\/2022\/07\/Carlos-Alberto-no-Porto-por-Antonio-Puccinelli-c-1865-Bologna-Museo-civico-del-Risorgimento-220x300.jpg","medium-width":220,"medium-height":300,"medium_large":"https:\/\/museudoporto.pt\/wp-content\/uploads\/2022\/07\/Carlos-Alberto-no-Porto-por-Antonio-Puccinelli-c-1865-Bologna-Museo-civico-del-Risorgimento-768x1047.jpg","medium_large-width":640,"medium_large-height":873,"large":"https:\/\/museudoporto.pt\/wp-content\/uploads\/2022\/07\/Carlos-Alberto-no-Porto-por-Antonio-Puccinelli-c-1865-Bologna-Museo-civico-del-Risorgimento-751x1024.jpg","large-width":640,"large-height":873,"ufg_200_200":"https:\/\/museudoporto.pt\/wp-content\/uploads\/2022\/07\/Carlos-Alberto-no-Porto-por-Antonio-Puccinelli-c-1865-Bologna-Museo-civico-del-Risorgimento-e1681481138986.jpg","ufg_200_200-width":147,"ufg_200_200-height":200,"ufg_300_300":"https:\/\/museudoporto.pt\/wp-content\/uploads\/2022\/07\/Carlos-Alberto-no-Porto-por-Antonio-Puccinelli-c-1865-Bologna-Museo-civico-del-Risorgimento-e1681481138986.jpg","ufg_300_300-width":220,"ufg_300_300-height":300,"ufg_400_400":"https:\/\/museudoporto.pt\/wp-content\/uploads\/2022\/07\/Carlos-Alberto-no-Porto-por-Antonio-Puccinelli-c-1865-Bologna-Museo-civico-del-Risorgimento-e1681481138986.jpg","ufg_400_400-width":293,"ufg_400_400-height":400,"1536x1536":"https:\/\/museudoporto.pt\/wp-content\/uploads\/2022\/07\/Carlos-Alberto-no-Porto-por-Antonio-Puccinelli-c-1865-Bologna-Museo-civico-del-Risorgimento-e1681481138986.jpg","1536x1536-width":876,"1536x1536-height":1194,"2048x2048":"https:\/\/museudoporto.pt\/wp-content\/uploads\/2022\/07\/Carlos-Alberto-no-Porto-por-Antonio-Puccinelli-c-1865-Bologna-Museo-civico-del-Risorgimento-e1681481138986.jpg","2048x2048-width":876,"2048x2048-height":1194}},"gallery":false},"excerpt":"<p><span class=\"NormalTextRun SCXW135903073 BCX0\">Neste <\/span><span class=\"NormalTextRun SpellingErrorV2Themed SCXW135903073 BCX0\">curto<\/span> <span class=\"NormalTextRun SpellingErrorV2Themed SCXW135903073 BCX0\">percurso<\/span><span class=\"NormalTextRun SCXW135903073 BCX0\">, <\/span><span class=\"NormalTextRun SpellingErrorV2Themed SCXW135903073 BCX0\">desde<\/span><span class=\"NormalTextRun SCXW135903073 BCX0\"> a <\/span><span class=\"NormalTextRun SpellingErrorV2Themed SCXW135903073 BCX0\">capela<\/span> <span class=\"NormalTextRun SpellingErrorV2Themed SCXW135903073 BCX0\">dedicada<\/span><span class=\"NormalTextRun SCXW135903073 BCX0\"> a Carlos Alberto <\/span><span class=\"NormalTextRun SpellingErrorV2Themed SCXW135903073 BCX0\">at\u00e9<\/span> <span class=\"NormalTextRun SpellingErrorV2Themed SCXW135903073 BCX0\">ao<\/span> <span class=\"NormalTextRun SpellingErrorV2Themed SCXW135903073 BCX0\">orat\u00f3rio<\/span><span class=\"NormalTextRun SCXW135903073 BCX0\"> da casa <\/span><span class=\"NormalTextRun SpellingErrorV2Themed SCXW135903073 BCX0\">onde<\/span> <span class=\"NormalTextRun SpellingErrorV2Themed SCXW135903073 BCX0\">morreu<\/span><span class=\"NormalTextRun SCXW135903073 BCX0\">, <\/span><span class=\"NormalTextRun SpellingErrorV2Themed SCXW135903073 BCX0\">ser\u00e3o<\/span> <span class=\"NormalTextRun SpellingErrorV2Themed SCXW135903073 BCX0\">apresentados<\/span><span class=\"NormalTextRun SCXW135903073 BCX0\"> dados <\/span><span class=\"NormalTextRun SpellingErrorV2Themed SCXW135903073 BCX0\">biogr\u00e1ficos<\/span> <span class=\"NormalTextRun SpellingErrorV2Themed SCXW135903073 BCX0\">in\u00e9ditos<\/span> <span class=\"NormalTextRun SpellingErrorV2Themed SCXW135903073 BCX0\">sobre<\/span><span class=\"NormalTextRun SCXW135903073 BCX0\"> o <\/span><span class=\"NormalTextRun SpellingErrorV2Themed SCXW135903073 BCX0\">\u00fanico<\/span> <span class=\"NormalTextRun SpellingErrorV2Themed SCXW135903073 BCX0\">monarca<\/span> <span class=\"NormalTextRun SpellingErrorV2Themed SCXW135903073 BCX0\">estrangeiro<\/span><span class=\"NormalTextRun SCXW135903073 BCX0\"> que <\/span><span class=\"NormalTextRun SpellingErrorV2Themed SCXW135903073 BCX0\">viveu<\/span><span class=\"NormalTextRun SCXW135903073 BCX0\"> no Porto, <\/span><span class=\"NormalTextRun SpellingErrorV2Themed SCXW135903073 BCX0\">onde<\/span> <span class=\"NormalTextRun SpellingErrorV2Themed SCXW135903073 BCX0\">foi<\/span> <span class=\"NormalTextRun SpellingErrorV2Themed SCXW135903073 BCX0\">entronizado<\/span> <span class=\"NormalTextRun SpellingErrorV2Themed SCXW135903073 BCX0\">como<\/span><span class=\"NormalTextRun SCXW135903073 BCX0\"> o <\/span><span class=\"NormalTextRun SpellingErrorV2Themed SCXW135903073 BCX0\">her\u00f3i<\/span> <span class=\"NormalTextRun SpellingErrorV2Themed SCXW135903073 BCX0\">rom\u00e2ntico<\/span> <span class=\"NormalTextRun SpellingErrorV2Themed SCXW135903073 BCX0\">por<\/span> <span class=\"NormalTextRun SpellingErrorV2Themed SCXW135903073 BCX0\">excel\u00eancia<\/span><span class=\"NormalTextRun SCXW135903073 BCX0\">. <\/span><span class=\"NormalTextRun SpellingErrorV2Themed SCXW135903073 BCX0\">Embora<\/span> <span class=\"NormalTextRun SpellingErrorV2Themed SCXW135903073 BCX0\">conste<\/span> <span class=\"NormalTextRun SpellingErrorV2Themed SCXW135903073 BCX0\">nos<\/span> <span class=\"NormalTextRun SpellingErrorV2Themed SCXW135903073 BCX0\">anais<\/span><span class=\"NormalTextRun SCXW135903073 BCX0\"> da <\/span><span class=\"NormalTextRun SpellingErrorV2Themed SCXW135903073 BCX0\">Hist\u00f3ria<\/span> <span class=\"NormalTextRun SpellingErrorV2Themed SCXW135903073 BCX0\">como<\/span><span class=\"NormalTextRun SCXW135903073 BCX0\"> um rei <\/span><span class=\"NormalTextRun SpellingErrorV2Themed SCXW135903073 BCX0\">derrotado<\/span><span class=\"NormalTextRun SCXW135903073 BCX0\">, Carlos Alberto <\/span><span class=\"NormalTextRun SpellingErrorV2Themed SCXW135903073 BCX0\">foi<\/span> <span class=\"NormalTextRun SpellingErrorV2Themed SCXW135903073 BCX0\">determinante<\/span> <span class=\"NormalTextRun SpellingErrorV2Themed SCXW135903073 BCX0\">nas<\/span> <span class=\"NormalTextRun SpellingErrorV2Themed SCXW135903073 BCX0\">mudan\u00e7as<\/span> <span class=\"NormalTextRun SpellingErrorV2Themed SCXW135903073 BCX0\">ocorridas<\/span> <span class=\"NormalTextRun SpellingErrorV2Themed SCXW135903073 BCX0\">na<\/span><span class=\"NormalTextRun SCXW135903073 BCX0\"> Europa <\/span><span class=\"NormalTextRun SpellingErrorV2Themed SCXW135903073 BCX0\">em<\/span> <span class=\"NormalTextRun SpellingErrorV2Themed SCXW135903073 BCX0\">meados<\/span><span class=\"NormalTextRun SCXW135903073 BCX0\"> do <\/span><span class=\"NormalTextRun SpellingErrorV2Themed SCXW135903073 BCX0\">s\u00e9culo<\/span><span class=\"NormalTextRun SCXW135903073 BCX0\"> XIX. <\/span><span class=\"NormalTextRun SpellingErrorV2Themed SCXW135903073 BCX0\">V\u00e1rios<\/span> <span class=\"NormalTextRun SpellingErrorV2Themed SCXW135903073 BCX0\">autores<\/span> <span class=\"NormalTextRun SpellingErrorV2Themed SCXW135903073 BCX0\">biografaram<\/span><span class=\"NormalTextRun SCXW135903073 BCX0\">-no e <\/span><span class=\"NormalTextRun SpellingErrorV2Themed SCXW135903073 BCX0\">s\u00e3o<\/span> <span class=\"NormalTextRun SpellingErrorV2Themed SCXW135903073 BCX0\">relativamente<\/span> <span class=\"NormalTextRun SpellingErrorV2Themed SCXW135903073 BCX0\">conhecidos<\/span> <span class=\"NormalTextRun SpellingErrorV2Themed SCXW135903073 BCX0\">os<\/span> <span class=\"NormalTextRun SpellingErrorV2Themed SCXW135903073 BCX0\">detalhes<\/span> <span class=\"NormalTextRun SpellingErrorV2Themed SCXW135903073 BCX0\">sobre<\/span><span class=\"NormalTextRun SCXW135903073 BCX0\"> o <\/span><span class=\"NormalTextRun SpellingErrorV2Themed SCXW135903073 BCX0\">seu<\/span> <span class=\"NormalTextRun SpellingErrorV2Themed SCXW135903073 BCX0\">ex\u00edlio<\/span><span class=\"NormalTextRun SCXW135903073 BCX0\"> no Porto. <\/span><span class=\"NormalTextRun SpellingErrorV2Themed SCXW135903073 BCX0\">Por\u00e9m<\/span><span class=\"NormalTextRun SCXW135903073 BCX0\">, <\/span><span class=\"NormalTextRun SpellingErrorV2Themed SCXW135903073 BCX0\">muito<\/span> <span class=\"NormalTextRun SpellingErrorV2Themed SCXW135903073 BCX0\">est\u00e1<\/span> <span class=\"NormalTextRun SpellingErrorV2Themed SCXW135903073 BCX0\">por<\/span> <span class=\"NormalTextRun SpellingErrorV2Themed SCXW135903073 BCX0\">dizer<\/span> <span class=\"NormalTextRun SpellingErrorV2Themed SCXW135903073 BCX0\">sobre<\/span><span class=\"NormalTextRun SCXW135903073 BCX0\"> a <\/span><span class=\"NormalTextRun SpellingErrorV2Themed SCXW135903073 BCX0\">sua<\/span> <span class=\"NormalTextRun SpellingErrorV2Themed SCXW135903073 BCX0\">juventude<\/span><span class=\"NormalTextRun SCXW135903073 BCX0\"> e <\/span><span class=\"NormalTextRun SpellingErrorV2Themed SCXW135903073 BCX0\">rela\u00e7\u00f5es<\/span> <span class=\"NormalTextRun SpellingErrorV2Themed SCXW135903073 BCX0\">familiares<\/span><span class=\"NormalTextRun SCXW135903073 BCX0\">, fortemente <\/span><span class=\"NormalTextRun SpellingErrorV2Themed SCXW135903073 BCX0\">condicionadoras<\/span><span class=\"NormalTextRun SCXW135903073 BCX0\"> da <\/span><span class=\"NormalTextRun SpellingErrorV2Themed SCXW135903073 BCX0\">sua<\/span> <span class=\"NormalTextRun SpellingErrorV2Themed SCXW135903073 BCX0\">personalidade<\/span><span class=\"NormalTextRun SCXW135903073 BCX0\"> e <\/span><span class=\"NormalTextRun SpellingErrorV2Themed SCXW135903073 BCX0\">percurso<\/span><span class=\"NormalTextRun SCXW135903073 BCX0\"> de <\/span><span class=\"NormalTextRun SpellingErrorV2Themed SCXW135903073 BCX0\">vida<\/span><span class=\"NormalTextRun SCXW135903073 BCX0\">.<\/span><\/p>\n","content":"<p><span class=\"NormalTextRun SCXW135903073 BCX0\">Neste <\/span><span class=\"NormalTextRun SpellingErrorV2Themed SCXW135903073 BCX0\">curto<\/span> <span class=\"NormalTextRun SpellingErrorV2Themed SCXW135903073 BCX0\">percurso<\/span><span class=\"NormalTextRun SCXW135903073 BCX0\">, <\/span><span class=\"NormalTextRun SpellingErrorV2Themed SCXW135903073 BCX0\">desde<\/span><span class=\"NormalTextRun SCXW135903073 BCX0\"> a <\/span><span class=\"NormalTextRun SpellingErrorV2Themed SCXW135903073 BCX0\">capela<\/span> <span class=\"NormalTextRun SpellingErrorV2Themed SCXW135903073 BCX0\">dedicada<\/span><span class=\"NormalTextRun SCXW135903073 BCX0\"> a Carlos Alberto <\/span><span class=\"NormalTextRun SpellingErrorV2Themed SCXW135903073 BCX0\">at\u00e9<\/span> <span class=\"NormalTextRun SpellingErrorV2Themed SCXW135903073 BCX0\">ao<\/span> <span class=\"NormalTextRun SpellingErrorV2Themed SCXW135903073 BCX0\">orat\u00f3rio<\/span><span class=\"NormalTextRun SCXW135903073 BCX0\"> da casa <\/span><span class=\"NormalTextRun SpellingErrorV2Themed SCXW135903073 BCX0\">onde<\/span> <span class=\"NormalTextRun SpellingErrorV2Themed SCXW135903073 BCX0\">morreu<\/span><span class=\"NormalTextRun SCXW135903073 BCX0\">, <\/span><span class=\"NormalTextRun SpellingErrorV2Themed SCXW135903073 BCX0\">ser\u00e3o<\/span> <span class=\"NormalTextRun SpellingErrorV2Themed SCXW135903073 BCX0\">apresentados<\/span><span class=\"NormalTextRun SCXW135903073 BCX0\"> dados <\/span><span class=\"NormalTextRun SpellingErrorV2Themed SCXW135903073 BCX0\">biogr\u00e1ficos<\/span> <span class=\"NormalTextRun SpellingErrorV2Themed SCXW135903073 BCX0\">in\u00e9ditos<\/span> <span class=\"NormalTextRun SpellingErrorV2Themed SCXW135903073 BCX0\">sobre<\/span><span class=\"NormalTextRun SCXW135903073 BCX0\"> o <\/span><span class=\"NormalTextRun SpellingErrorV2Themed SCXW135903073 BCX0\">\u00fanico<\/span> <span class=\"NormalTextRun SpellingErrorV2Themed SCXW135903073 BCX0\">monarca<\/span> <span class=\"NormalTextRun SpellingErrorV2Themed SCXW135903073 BCX0\">estrangeiro<\/span><span class=\"NormalTextRun SCXW135903073 BCX0\"> que <\/span><span class=\"NormalTextRun SpellingErrorV2Themed SCXW135903073 BCX0\">viveu<\/span><span class=\"NormalTextRun SCXW135903073 BCX0\"> no Porto, <\/span><span class=\"NormalTextRun SpellingErrorV2Themed SCXW135903073 BCX0\">onde<\/span> <span class=\"NormalTextRun SpellingErrorV2Themed SCXW135903073 BCX0\">foi<\/span> <span class=\"NormalTextRun SpellingErrorV2Themed SCXW135903073 BCX0\">entronizado<\/span> <span class=\"NormalTextRun SpellingErrorV2Themed SCXW135903073 BCX0\">como<\/span><span class=\"NormalTextRun SCXW135903073 BCX0\"> o <\/span><span class=\"NormalTextRun SpellingErrorV2Themed SCXW135903073 BCX0\">her\u00f3i<\/span> <span class=\"NormalTextRun SpellingErrorV2Themed SCXW135903073 BCX0\">rom\u00e2ntico<\/span> <span class=\"NormalTextRun SpellingErrorV2Themed SCXW135903073 BCX0\">por<\/span> <span class=\"NormalTextRun SpellingErrorV2Themed SCXW135903073 BCX0\">excel\u00eancia<\/span><span class=\"NormalTextRun SCXW135903073 BCX0\">. <\/span><span class=\"NormalTextRun SpellingErrorV2Themed SCXW135903073 BCX0\">Embora<\/span> <span class=\"NormalTextRun SpellingErrorV2Themed SCXW135903073 BCX0\">conste<\/span> <span class=\"NormalTextRun SpellingErrorV2Themed SCXW135903073 BCX0\">nos<\/span> <span class=\"NormalTextRun SpellingErrorV2Themed SCXW135903073 BCX0\">anais<\/span><span class=\"NormalTextRun SCXW135903073 BCX0\"> da <\/span><span class=\"NormalTextRun SpellingErrorV2Themed SCXW135903073 BCX0\">Hist\u00f3ria<\/span> <span class=\"NormalTextRun SpellingErrorV2Themed SCXW135903073 BCX0\">como<\/span><span class=\"NormalTextRun SCXW135903073 BCX0\"> um rei <\/span><span class=\"NormalTextRun SpellingErrorV2Themed SCXW135903073 BCX0\">derrotado<\/span><span class=\"NormalTextRun SCXW135903073 BCX0\">, Carlos Alberto <\/span><span class=\"NormalTextRun SpellingErrorV2Themed SCXW135903073 BCX0\">foi<\/span> <span class=\"NormalTextRun SpellingErrorV2Themed SCXW135903073 BCX0\">determinante<\/span> <span class=\"NormalTextRun SpellingErrorV2Themed SCXW135903073 BCX0\">nas<\/span> <span class=\"NormalTextRun SpellingErrorV2Themed SCXW135903073 BCX0\">mudan\u00e7as<\/span> <span class=\"NormalTextRun SpellingErrorV2Themed SCXW135903073 BCX0\">ocorridas<\/span> <span class=\"NormalTextRun SpellingErrorV2Themed SCXW135903073 BCX0\">na<\/span><span class=\"NormalTextRun SCXW135903073 BCX0\"> Europa <\/span><span class=\"NormalTextRun SpellingErrorV2Themed SCXW135903073 BCX0\">em<\/span> <span class=\"NormalTextRun SpellingErrorV2Themed SCXW135903073 BCX0\">meados<\/span><span class=\"NormalTextRun SCXW135903073 BCX0\"> do <\/span><span class=\"NormalTextRun SpellingErrorV2Themed SCXW135903073 BCX0\">s\u00e9culo<\/span><span class=\"NormalTextRun SCXW135903073 BCX0\"> XIX. <\/span><span class=\"NormalTextRun SpellingErrorV2Themed SCXW135903073 BCX0\">V\u00e1rios<\/span> <span class=\"NormalTextRun SpellingErrorV2Themed SCXW135903073 BCX0\">autores<\/span> <span class=\"NormalTextRun SpellingErrorV2Themed SCXW135903073 BCX0\">biografaram<\/span><span class=\"NormalTextRun SCXW135903073 BCX0\">-no e <\/span><span class=\"NormalTextRun SpellingErrorV2Themed SCXW135903073 BCX0\">s\u00e3o<\/span> <span class=\"NormalTextRun SpellingErrorV2Themed SCXW135903073 BCX0\">relativamente<\/span> <span class=\"NormalTextRun SpellingErrorV2Themed SCXW135903073 BCX0\">conhecidos<\/span> <span class=\"NormalTextRun SpellingErrorV2Themed SCXW135903073 BCX0\">os<\/span> <span class=\"NormalTextRun SpellingErrorV2Themed SCXW135903073 BCX0\">detalhes<\/span> <span class=\"NormalTextRun SpellingErrorV2Themed SCXW135903073 BCX0\">sobre<\/span><span class=\"NormalTextRun SCXW135903073 BCX0\"> o <\/span><span class=\"NormalTextRun SpellingErrorV2Themed SCXW135903073 BCX0\">seu<\/span> <span class=\"NormalTextRun SpellingErrorV2Themed SCXW135903073 BCX0\">ex\u00edlio<\/span><span class=\"NormalTextRun SCXW135903073 BCX0\"> no Porto. <\/span><span class=\"NormalTextRun SpellingErrorV2Themed SCXW135903073 BCX0\">Por\u00e9m<\/span><span class=\"NormalTextRun SCXW135903073 BCX0\">, <\/span><span class=\"NormalTextRun SpellingErrorV2Themed SCXW135903073 BCX0\">muito<\/span> <span class=\"NormalTextRun SpellingErrorV2Themed SCXW135903073 BCX0\">est\u00e1<\/span> <span class=\"NormalTextRun SpellingErrorV2Themed SCXW135903073 BCX0\">por<\/span> <span class=\"NormalTextRun SpellingErrorV2Themed SCXW135903073 BCX0\">dizer<\/span> <span class=\"NormalTextRun SpellingErrorV2Themed SCXW135903073 BCX0\">sobre<\/span><span class=\"NormalTextRun SCXW135903073 BCX0\"> a <\/span><span class=\"NormalTextRun SpellingErrorV2Themed SCXW135903073 BCX0\">sua<\/span> <span class=\"NormalTextRun SpellingErrorV2Themed SCXW135903073 BCX0\">juventude<\/span><span class=\"NormalTextRun SCXW135903073 BCX0\"> e <\/span><span class=\"NormalTextRun SpellingErrorV2Themed SCXW135903073 BCX0\">rela\u00e7\u00f5es<\/span> <span class=\"NormalTextRun SpellingErrorV2Themed SCXW135903073 BCX0\">familiares<\/span><span class=\"NormalTextRun SCXW135903073 BCX0\">, fortemente <\/span><span class=\"NormalTextRun SpellingErrorV2Themed SCXW135903073 BCX0\">condicionadoras<\/span><span class=\"NormalTextRun SCXW135903073 BCX0\"> da <\/span><span class=\"NormalTextRun SpellingErrorV2Themed SCXW135903073 BCX0\">sua<\/span> <span class=\"NormalTextRun SpellingErrorV2Themed SCXW135903073 BCX0\">personalidade<\/span><span class=\"NormalTextRun SCXW135903073 BCX0\"> e <\/span><span class=\"NormalTextRun SpellingErrorV2Themed SCXW135903073 BCX0\">percurso<\/span><span class=\"NormalTextRun SCXW135903073 BCX0\"> de <\/span><span class=\"NormalTextRun SpellingErrorV2Themed SCXW135903073 BCX0\">vida<\/span><span class=\"NormalTextRun SCXW135903073 BCX0\">.<\/span><\/p>\n<p>&nbsp;<\/p>\n<p><span class=\"TextRun SCXW211246624 BCX0\" lang=\"EN-US\" xml:lang=\"EN-US\" data-contrast=\"none\"><span class=\"NormalTextRun SCXW211246624 BCX0\"><strong>Francisco Queiroz<\/strong> \u00e9 <\/span><span class=\"NormalTextRun SpellingErrorV2Themed SCXW211246624 BCX0\">historiador<\/span><span class=\"NormalTextRun SCXW211246624 BCX0\"> de <\/span><span class=\"NormalTextRun SpellingErrorV2Themed SCXW211246624 BCX0\">arte<\/span><span class=\"NormalTextRun SCXW211246624 BCX0\">, <\/span><span class=\"NormalTextRun SpellingErrorV2Themed SCXW211246624 BCX0\">investigador<\/span><span class=\"NormalTextRun SCXW211246624 BCX0\"> do ARTIS-IHA\/FLUL e do CEPESE, <\/span><span class=\"NormalTextRun SpellingErrorV2Themed SCXW211246624 BCX0\">onde<\/span> <span class=\"NormalTextRun SpellingErrorV2Themed SCXW211246624 BCX0\">concluiu<\/span><span class=\"NormalTextRun SCXW211246624 BCX0\"> o P\u00f3s-<\/span><span class=\"NormalTextRun SpellingErrorV2Themed SCXW211246624 BCX0\">doutoramento<\/span> <span class=\"NormalTextRun SpellingErrorV2Themed SCXW211246624 BCX0\">em<\/span><span class=\"NormalTextRun SCXW211246624 BCX0\"> 2014. <\/span><span class=\"NormalTextRun SpellingErrorV2Themed SCXW211246624 BCX0\">Os<\/span> <span class=\"NormalTextRun SpellingErrorV2Themed SCXW211246624 BCX0\">seus<\/span> <span class=\"NormalTextRun SpellingErrorV2Themed SCXW211246624 BCX0\">numerosos<\/span> <span class=\"NormalTextRun SpellingErrorV2Themed SCXW211246624 BCX0\">livros<\/span><span class=\"NormalTextRun SCXW211246624 BCX0\"> e <\/span><span class=\"NormalTextRun SpellingErrorV2Themed SCXW211246624 BCX0\">mais<\/span><span class=\"NormalTextRun SCXW211246624 BCX0\"> de <\/span><span class=\"NormalTextRun SpellingErrorV2Themed SCXW211246624 BCX0\">uma<\/span> <span class=\"NormalTextRun SpellingErrorV2Themed SCXW211246624 BCX0\">centena<\/span><span class=\"NormalTextRun SCXW211246624 BCX0\"> de <\/span><span class=\"NormalTextRun SpellingErrorV2Themed SCXW211246624 BCX0\">artigos<\/span> <span class=\"NormalTextRun SpellingErrorV2Themed SCXW211246624 BCX0\">cient\u00edficos<\/span> <span class=\"NormalTextRun SpellingErrorV2Themed SCXW211246624 BCX0\">t\u00eam<\/span><span class=\"NormalTextRun SCXW211246624 BCX0\"> o <\/span><span class=\"NormalTextRun SpellingErrorV2Themed SCXW211246624 BCX0\">Romantismo<\/span> <span class=\"NormalTextRun SpellingErrorV2Themed SCXW211246624 BCX0\">como<\/span> <span class=\"NormalTextRun SpellingErrorV2Themed SCXW211246624 BCX0\">cronologia<\/span> <span class=\"NormalTextRun SpellingErrorV2Themed SCXW211246624 BCX0\">preferencial<\/span><span class=\"NormalTextRun SCXW211246624 BCX0\">, e o <\/span><span class=\"NormalTextRun SpellingErrorV2Themed SCXW211246624 BCX0\">urbanismo<\/span><span class=\"NormalTextRun SCXW211246624 BCX0\">, <\/span><span class=\"NormalTextRun ContextualSpellingAndGrammarErrorV2Themed SCXW211246624 BCX0\">a<\/span> <span class=\"NormalTextRun SpellingErrorV2Themed SCXW211246624 BCX0\">arquitectura<\/span><span class=\"NormalTextRun SCXW211246624 BCX0\">, <\/span><span class=\"NormalTextRun ContextualSpellingAndGrammarErrorV2Themed SCXW211246624 BCX0\">a<\/span> <span class=\"NormalTextRun SpellingErrorV2Themed SCXW211246624 BCX0\">azulejaria<\/span><span class=\"NormalTextRun SCXW211246624 BCX0\"> de <\/span><span class=\"NormalTextRun SpellingErrorV2Themed SCXW211246624 BCX0\">fachada<\/span><span class=\"NormalTextRun SCXW211246624 BCX0\">, e a <\/span><span class=\"NormalTextRun SpellingErrorV2Themed SCXW211246624 BCX0\">genealogia<\/span> <span class=\"NormalTextRun SpellingErrorV2Themed SCXW211246624 BCX0\">como<\/span><span class=\"NormalTextRun SCXW211246624 BCX0\"> as <\/span><span class=\"NormalTextRun SpellingErrorV2Themed SCXW211246624 BCX0\">vertentes<\/span><span class=\"NormalTextRun SCXW211246624 BCX0\"> de <\/span><span class=\"NormalTextRun SpellingErrorV2Themed SCXW211246624 BCX0\">maior<\/span> <span class=\"NormalTextRun SpellingErrorV2Themed SCXW211246624 BCX0\">incid\u00eancia<\/span><span class=\"NormalTextRun SCXW211246624 BCX0\">. Ao <\/span><span class=\"NormalTextRun SpellingErrorV2Themed SCXW211246624 BCX0\">longo<\/span><span class=\"NormalTextRun SCXW211246624 BCX0\"> de <\/span><span class=\"NormalTextRun SpellingErrorV2Themed SCXW211246624 BCX0\">mais<\/span><span class=\"NormalTextRun SCXW211246624 BCX0\"> de <\/span><span class=\"NormalTextRun SpellingErrorV2Themed SCXW211246624 BCX0\">vinte<\/span> <span class=\"NormalTextRun SpellingErrorV2Themed SCXW211246624 BCX0\">anos<\/span> <span class=\"NormalTextRun SpellingErrorV2Themed SCXW211246624 BCX0\">recolheu<\/span><span class=\"NormalTextRun SCXW211246624 BCX0\"> dados <\/span><span class=\"NormalTextRun SpellingErrorV2Themed SCXW211246624 BCX0\">sobre<\/span><span class=\"NormalTextRun SCXW211246624 BCX0\"> a Princesa Augusta de <\/span><span class=\"NormalTextRun SpellingErrorV2Themed SCXW211246624 BCX0\">Montl\u00e9art<\/span><span class=\"NormalTextRun SCXW211246624 BCX0\">, <\/span><span class=\"NormalTextRun SpellingErrorV2Themed SCXW211246624 BCX0\">meia-irm\u00e3<\/span><span class=\"NormalTextRun SCXW211246624 BCX0\"> do Rei Carlos Alberto, para <\/span><span class=\"NormalTextRun SpellingErrorV2Themed SCXW211246624 BCX0\">elabora\u00e7\u00e3o<\/span><span class=\"NormalTextRun SCXW211246624 BCX0\"> da <\/span><span class=\"NormalTextRun SpellingErrorV2Themed SCXW211246624 BCX0\">respectiva<\/span> <span class=\"NormalTextRun SpellingErrorV2Themed SCXW211246624 BCX0\">biografia<\/span><span class=\"NormalTextRun SCXW211246624 BCX0\">, a qual <\/span><span class=\"NormalTextRun SpellingErrorV2Themed SCXW211246624 BCX0\">ser\u00e1<\/span> <span class=\"NormalTextRun SpellingErrorV2Themed SCXW211246624 BCX0\">publicada<\/span> <span class=\"NormalTextRun SpellingErrorV2Themed SCXW211246624 BCX0\">em<\/span><span class=\"NormalTextRun SCXW211246624 BCX0\"> breve.<\/span><\/span><span class=\"LineBreakBlob BlobObject DragDrop SCXW211246624 BCX0\"><span class=\"SCXW211246624 BCX0\">\u00a0<\/span><br class=\"SCXW211246624 BCX0\" \/><\/span><\/p>\n<h2>Inscri\u00e7\u00f5es<\/h2>\n<p><a href=\"https:\/\/museudacidadeporto.bol.pt\/\" target=\"_blank\" rel=\"noopener\" data-cursor-hover=\"ready\">BILHETEIRA ONLINE<\/a><br \/>\nNas Esta\u00e7\u00f5es do MdC, na Biblioteca Municipal Almeida Garrett ou no Teatro Municipal do Porto.<\/p>\n<p>&nbsp;<\/p>\n<p>Inscri\u00e7\u00f5es<\/p>\n<p><strong>2\u20ac<\/strong><\/p>\n<p>&nbsp;<\/p>\n<p>Cart\u00e3o Porto, titulares do cart\u00e3o Bibliotecas Municipais, colaboradores CMP e Empresas Municipais<\/p>\n<p><strong>1\u20ac<\/strong><\/p>\n<p>&nbsp;<\/p>\n<p>Estudantes<\/p>\n<p><strong>1,40\u20ac<\/strong><\/p>\n<p>&nbsp;<\/p>\n<p>Limite de 15 participantes. + info <a title=\"mailto:mdc.educativo@cm-porto.pt\" href=\"mailto:mdc.educativo@cm-porto.pt\">mdc.educativo@cm-porto.pt<\/a>. ou <span data-contrast=\"auto\">(+351) 226<\/span><span data-contrast=\"auto\">\u202f<\/span><span data-contrast=\"auto\">057<\/span><span data-contrast=\"auto\">000.<\/span><\/p>\n<p>&nbsp;<\/p>\n<h2>Ponto de Encontro<\/h2>\n<p>Capela de Carlos Alberto &#8211;\u00a0 Jardins do Pal\u00e1cio de Cristal<\/p>\n<div>\n<h2>ENDERE\u00c7O<\/h2>\n<\/div>\n<p>Rua de Entre-Quintas, 220 4050-240 Porto<br aria-hidden=\"true\" \/><a href=\"https:\/\/www.google.com\/maps\/place\/MUSEU+DA+CIDADE%E2%80%94Extens%C3%A3o+do+Romantismo\/@41.1475562,-8.6306449,17z\/data=!3m1!4b1!4m5!3m4!1s0xd2465101fc09f21:0xe05b033b7aceedc0!8m2!3d41.1475562!4d-8.6284562\" target=\"_blank\" rel=\"noopener noreferrer\" data-auth=\"NotApplicable\" data-linkindex=\"2\">Localiza\u00e7\u00e3o<\/a><\/p>\n<div>\n<h2>AUTOCARRO<\/h2>\n<\/div>\n<p>200, 201, 207, 208, 300, 301, 302, 303, 501, 507, 601, 602, 801<\/p>\n<div>\n<h2>ESTACIONAMENTO<\/h2>\n<\/div>\n<p>Pal\u00e1cio de Cristal<\/p>\n<p>&nbsp;<\/p>\n"}],"previous_link":{"label":"","link":""},"next_link":{"label":"","link":""}},"_links":{"self":[{"href":"https:\/\/museudoporto.pt\/en\/wp-json\/wp\/v2\/resource\/10108","targetHints":{"allow":["GET"]}}],"collection":[{"href":"https:\/\/museudoporto.pt\/en\/wp-json\/wp\/v2\/resource"}],"about":[{"href":"https:\/\/museudoporto.pt\/en\/wp-json\/wp\/v2\/types\/resource"}],"wp:featuredmedia":[{"embeddable":true,"href":"https:\/\/museudoporto.pt\/en\/wp-json\/wp\/v2\/media\/10109"}],"wp:attachment":[{"href":"https:\/\/museudoporto.pt\/en\/wp-json\/wp\/v2\/media?parent=10108"}],"wp:term":[{"taxonomy":"resource_category","embeddable":true,"href":"https:\/\/museudoporto.pt\/en\/wp-json\/wp\/v2\/resource_category?post=10108"}],"curies":[{"name":"wp","href":"https:\/\/api.w.org\/{rel}","templated":true}]}}