{"id":11828,"date":"2023-01-18T18:28:46","date_gmt":"2023-01-18T18:28:46","guid":{"rendered":"https:\/\/museudoporto.pt\/?post_type=resource&#038;p=11828"},"modified":"2023-05-22T16:49:49","modified_gmt":"2023-05-22T15:49:49","slug":"dia-do-vizinho-4","status":"publish","type":"resource","link":"https:\/\/museudoporto.pt\/en\/recurso\/dia-do-vizinho-4\/","title":{"rendered":"Dia do Vizinho #4"},"content":{"rendered":"","protected":false},"featured_media":11829,"template":"","resource_category":[67],"class_list":["post-11828","resource","type-resource","status-publish","has-post-thumbnail","hentry","resource_category-dia-do-vizinho"],"acf":{"ambient_sound":false,"breadcrumb":false,"file":false,"content":[{"acf_fc_layout":"event","display_title":"Dia do Vizinho #4 Casa Marta Ortig\u00e3o Sampaio | INSCRI\u00c7\u00d5ES ESGOTADAS","subtitle":"<p>Com os monitores, amigos e vizinhos do Museu da Cidade do Porto<\/p>\n","date":{"show_time":true,"type":"range","date":null,"start_date":"05\/02\/2023 10:00","end_date":"05\/02\/2023 18:00"},"sessions":null,"location":{"type":"station","station":{"ID":7087,"post_author":"18","post_date":"2021-06-17 21:26:53","post_date_gmt":"2021-06-17 21:26:53","post_content":"","post_title":"CASA MARTA ORTIG\u00c3O SAMPAIO","post_excerpt":"","post_status":"publish","comment_status":"closed","ping_status":"closed","post_password":"","post_name":"casa-marta-ortigao-sampaio","to_ping":"","pinged":"","post_modified":"2022-10-07 18:40:52","post_modified_gmt":"2022-10-07 17:40:52","post_content_filtered":"","post_parent":0,"guid":"https:\/\/museudoporto.pt\/estacao\/casa-marta-ortigao-sampaio\/","menu_order":1,"post_type":"station","post_mime_type":"","comment_count":"0","filter":"raw"},"location":""},"media":{"type":false,"image":{"ID":11830,"id":11830,"title":"Retratos_Vizinho_018","filename":"Retratos_Vizinho_018.jpg","filesize":3387081,"url":"https:\/\/museudoporto.pt\/wp-content\/uploads\/2023\/01\/Retratos_Vizinho_018.jpg","link":"https:\/\/museudoporto.pt\/en\/retratos_vizinho_018-2\/","alt":"","author":"11","description":"","caption":"","name":"retratos_vizinho_018-2","status":"inherit","uploaded_to":0,"date":"2023-01-18 18:14:54","modified":"2023-01-18 18:15:26","menu_order":0,"mime_type":"image\/jpeg","type":"image","subtype":"jpeg","icon":"https:\/\/museudoporto.pt\/wp-includes\/images\/media\/default.png","width":1536,"height":1920,"sizes":{"thumbnail":"https:\/\/museudoporto.pt\/wp-content\/uploads\/2023\/01\/Retratos_Vizinho_018-150x150.jpg","thumbnail-width":150,"thumbnail-height":150,"medium":"https:\/\/museudoporto.pt\/wp-content\/uploads\/2023\/01\/Retratos_Vizinho_018-240x300.jpg","medium-width":240,"medium-height":300,"medium_large":"https:\/\/museudoporto.pt\/wp-content\/uploads\/2023\/01\/Retratos_Vizinho_018-768x960.jpg","medium_large-width":640,"medium_large-height":800,"large":"https:\/\/museudoporto.pt\/wp-content\/uploads\/2023\/01\/Retratos_Vizinho_018-819x1024.jpg","large-width":640,"large-height":800,"ufg_200_200":"https:\/\/museudoporto.pt\/wp-content\/uploads\/2023\/01\/Retratos_Vizinho_018.jpg","ufg_200_200-width":160,"ufg_200_200-height":200,"ufg_300_300":"https:\/\/museudoporto.pt\/wp-content\/uploads\/2023\/01\/Retratos_Vizinho_018.jpg","ufg_300_300-width":240,"ufg_300_300-height":300,"ufg_400_400":"https:\/\/museudoporto.pt\/wp-content\/uploads\/2023\/01\/Retratos_Vizinho_018.jpg","ufg_400_400-width":320,"ufg_400_400-height":400,"1536x1536":"https:\/\/museudoporto.pt\/wp-content\/uploads\/2023\/01\/Retratos_Vizinho_018-1229x1536.jpg","1536x1536-width":1229,"1536x1536-height":1536,"2048x2048":"https:\/\/museudoporto.pt\/wp-content\/uploads\/2023\/01\/Retratos_Vizinho_018.jpg","2048x2048-width":1536,"2048x2048-height":1920}},"gallery":false},"excerpt":"<p>Programa de ativa\u00e7\u00e3o das esta\u00e7\u00f5es do Museu da Cidade do Porto com programas operativos, oficinas, visitas e outras atividades, ao longo do dia, envolvendo toda a vizinhan\u00e7a de cada esta\u00e7\u00e3o. O <strong>Dia do Vizinho<\/strong> \u00e9 um programa de domingo<strong> gratuito<\/strong>, para vos dar a conhecer as atividades que desenvolvemos nos v\u00e1rios espa\u00e7os que comp\u00f5em o Museu da Cidade do Porto.<\/p>\n","content":"<p>Programa de ativa\u00e7\u00e3o das esta\u00e7\u00f5es do Museu da Cidade do Porto com programas operativos, oficinas, visitas e outras atividades, ao longo do dia, envolvendo toda a vizinhan\u00e7a de cada esta\u00e7\u00e3o. O <strong>Dia do Vizinho<\/strong> \u00e9 um programa de domingo<strong> gratuito<\/strong>, para vos dar a conhecer as atividades que desenvolvemos nos v\u00e1rios espa\u00e7os que comp\u00f5em o Museu da Cidade do Porto.<\/p>\n<p>&nbsp;<\/p>\n<h1><strong>MANH\u00c3<\/strong><\/h1>\n<p><strong>10H<\/strong><\/p>\n<p>VISITA ORIENTADA | INSCRI\u00c7\u00d5ES ESGOTADAS<br \/>\n<strong>AUR\u00c9LIA \u2013 CONTEXTO SOCIAL E FAMILIAR<\/strong><br \/>\nCom Marta Bernardes<\/p>\n<p>&nbsp;<\/p>\n<p>Em que contexto social nasceu e cresceu Aur\u00e9lia de Souza? Que presen\u00e7a das suas irm\u00e3s e sobrinhas, dos ambientes de sua casa e do seu quotidiano, dos espa\u00e7os que habitou, encontramos na sua obra? Nesta visita vamos percorrer a Casa Marta Ortig\u00e3o Sampaio na descoberta de lugares, pessoas e ambientes que povoaram os dias de Aur\u00e9lia.<\/p>\n<p>&nbsp;<\/p>\n<p>M\/12 anos<br \/>\nDura\u00e7\u00e3o: 60&#8242;<br \/>\nLota\u00e7\u00e3o: 20 participantes<\/p>\n<p>&nbsp;<\/p>\n<p>&nbsp;<\/p>\n<p><strong>10H15<\/strong><br \/>\n<strong>ATIVIDADE AO AR LIVRE <\/strong>| INSCRI\u00c7\u00d5ES ESGOTADAS<br \/>\nCom AIJCM &#8211; Associa\u00e7\u00e3o Infant\u00e1rio e Jardim De Inf\u00e2ncia Carolina Micha\u00eblis<\/p>\n<p>&nbsp;<\/p>\n<p>Recolha de elementos naturais no jardim.<\/p>\n<p>&nbsp;<\/p>\n<p>M\/3 anos<br \/>\nDura\u00e7\u00e3o: 45&#8242;<br \/>\nLota\u00e7\u00e3o: 15 participantes<\/p>\n<p>&nbsp;<\/p>\n<p>&nbsp;<\/p>\n<p><strong>11H<\/strong><br \/>\nOFICINA PARA OS MAIS NOVOS | INSCRI\u00c7\u00d5ES ESGOTADAS<br \/>\n<strong>CASA POP-UP #1<\/strong><br \/>\nCom o Coletivo Arisca | Patr\u00edcia do Vale<\/p>\n<p>&nbsp;<\/p>\n<p>Vamos criar em fam\u00edlia uma casa que vai saltar da nossa imagina\u00e7\u00e3o para as nossas m\u00e3os. Vamos cortar, dobrar, levantar, colar, pintar, at\u00e9 a casa se revelar.<\/p>\n<p>&nbsp;<\/p>\n<p>M\/3<br \/>\nDura\u00e7\u00e3o: 90&#8242;<br \/>\nLota\u00e7\u00e3o: 20 participantes<\/p>\n<p>&nbsp;<\/p>\n<p>&nbsp;<\/p>\n<p><strong>11H30<\/strong><br \/>\n<strong>YOGA\u00a0<\/strong>| INSCRI\u00c7\u00d5ES ESGOTADAS<br \/>\nCom AIJCM &#8211; Associa\u00e7\u00e3o Infant\u00e1rio e Jardim De Inf\u00e2ncia Carolina Micha\u00eblis<\/p>\n<p><strong>\u00a0<\/strong><\/p>\n<p>Posturas de Yoga atrav\u00e9s do objeto art\u00edstico.<\/p>\n<p>&nbsp;<\/p>\n<p>M\/3 anos<br \/>\nDura\u00e7\u00e3o: 60&#8242;<br \/>\nLota\u00e7\u00e3o: 15 participantes<\/p>\n<p><strong>\u00a0<\/strong><\/p>\n<p>&nbsp;<\/p>\n<p><strong>12H30<\/strong><br \/>\nVISITA FOCADA | INSCRI\u00c7\u00d5ES ESGOTADAS<br \/>\n<strong>JOIAS NO MASCULINO<\/strong><br \/>\nCom Ana Rita Mendes<\/p>\n<p>&nbsp;<\/p>\n<p>No s\u00e9c. XIX e in\u00edcios do s\u00e9c. XX a indument\u00e1ria seguia uma etiqueta rigorosa. Com o incremento da consci\u00eancia e da vida social os acess\u00f3rios eram imprescind\u00edveis e o caso masculino n\u00e3o era exce\u00e7\u00e3o. Vamos (re)descobrir na vasta cole\u00e7\u00e3o de joias da Casa Marta Ortig\u00e3o Sampaio, alfinetes, rel\u00f3gios, abotoaduras e outros exemplares desta tipologia.<\/p>\n<p>&nbsp;<\/p>\n<p>M\/12 anos<br \/>\nDura\u00e7\u00e3o: 30&#8242;<br \/>\nLota\u00e7\u00e3o: 20 participantes<\/p>\n<p>&nbsp;<\/p>\n<p>&nbsp;<\/p>\n<h1><strong>TARDE<\/strong><\/h1>\n<p><strong>14H30 \u00a0\u00a0\u00a0\u00a0\u00a0\u00a0\u00a0 <\/strong><br \/>\nDERIVA | INSCRI\u00c7\u00d5ES ESGOTADAS<br \/>\n<strong>A VIA VETERIS &#8211; DO PAL\u00c1CIO \u00c0 RAMADA ALTA<\/strong><br \/>\nCom Manuel Ara\u00fajo<\/p>\n<p><strong>\u00a0<\/strong><br \/>\nSeguindo uma antiga via romana, utilizada pelos peregrinos de Santiago, ligamos o Pal\u00e1cio de Cristal \u00e0 Casa Marta Ortig\u00e3o Sampaio. Pelo caminho vamos \u00e0 descoberta de alguns pormenores sobre este caminho e, no final, espera-nos uma surpresa!<\/p>\n<p>&nbsp;<\/p>\n<p>M\/12<br \/>\nDura\u00e7\u00e3o: 150&#8242;<br \/>\nLota\u00e7\u00e3o: 20 participantes<br \/>\nPonto de encontro: Port\u00e3o principal do Pal\u00e1cio de Cristal (termina na Casa Marta Ortig\u00e3o Sampaio)<\/p>\n<p>&nbsp;<\/p>\n<p>&nbsp;<\/p>\n<p><strong>14H30<\/strong><br \/>\n<strong>M\u00daSICA NO MUSEU <\/strong>| INSCRI\u00c7\u00d5ES ESGOTADAS<br \/>\nCom a AMMO &#8211; Associa\u00e7\u00e3o C\u00edrculo de Amigos Marta Ortig\u00e3o Sampaio<\/p>\n<p>Acompanhada por um apontamento musical e pelas obras da Aur\u00e9lia de Souza, a Associa\u00e7\u00e3o C\u00edrculo de Amigos Marta Ortig\u00e3o Sampaio apresenta-se e apresenta as propostas que ir\u00e1 desenvolver em 2023 neste espa\u00e7o.<\/p>\n<p>&nbsp;<\/p>\n<p>M\/12<br \/>\nDura\u00e7\u00e3o: 30&#8242;<br \/>\nMediante ordem de chegada at\u00e9 \u00e0 lota\u00e7\u00e3o do espa\u00e7o<\/p>\n<p>&nbsp;<\/p>\n<p>&nbsp;<\/p>\n<p><strong>14H30<\/strong><br \/>\nAULA ABERTA\u00a0| INSCRI\u00c7\u00d5ES ESGOTADAS<br \/>\n<strong>Desenho no Jardim<\/strong><br \/>\nCom Jo\u00e3o Pedro Rodrigues<\/p>\n<p>&nbsp;<\/p>\n<p>Aula de desenho ao ar livre. No contexto deste jardim rom\u00e2ntico, poder\u00e1 treinar o olhar e o desenho \u00e0 vista, com a orienta\u00e7\u00e3o do artista pl\u00e1stico Jo\u00e3o Pedro Rodrigues.<\/p>\n<p>&nbsp;<\/p>\n<p>Todos<br \/>\nDura\u00e7\u00e3o: 60&#8242;<br \/>\nLota\u00e7\u00e3o: 15 participantes<\/p>\n<p>&nbsp;<\/p>\n<p>&nbsp;<\/p>\n<p><strong>15H\u00a0\u00a0<\/strong><br \/>\nOFICINA PARA OS MAIS NOVOS | INSCRI\u00c7\u00d5ES ESGOTADAS<br \/>\n<strong>CASA POP UP #2<\/strong><br \/>\nCom o Coletivo Arisca | Patr\u00edcia do Vale<\/p>\n<p>Vamos criar em fam\u00edlia uma casa que vai saltar da nossa imagina\u00e7\u00e3o para as nossas m\u00e3os. Vamos cortar, dobrar, levantar, colar, pintar, at\u00e9 a casa se revelar.<\/p>\n<p>&nbsp;<\/p>\n<p>M\/3<br \/>\nDura\u00e7\u00e3o: 90&#8242;<br \/>\nLota\u00e7\u00e3o: 20 participantes<\/p>\n<p>&nbsp;<\/p>\n<p>&nbsp;<\/p>\n<p><strong>16H<\/strong><br \/>\nVISITA ESPECIAL | INSCRI\u00c7\u00d5ES ESGOTADAS<br \/>\n<strong>Jardim: a joia mais verde da casa<\/strong><br \/>\nCom Lu\u00eds Monteiro | Divis\u00e3o Municipal de Gest\u00e3o Ambiental<\/p>\n<p>&nbsp;<\/p>\n<p>Conhecer as \u00e1rvores que d\u00e3o vida ao jardim, na sua rela\u00e7\u00e3o com a casa e a cidade \u00e9 o repto desta conversa, onde a bot\u00e2nica ser\u00e1 apenas o ponto de partida\u2026<\/p>\n<p>&nbsp;<\/p>\n<p>M\/6<br \/>\nDura\u00e7\u00e3o: 60&#8242;<br \/>\nLota\u00e7\u00e3o: 20 participantes<\/p>\n<p>&nbsp;<\/p>\n<p>&nbsp;<\/p>\n<p><strong>16H30<\/strong><br \/>\nCINEMA DE ANIMA\u00c7\u00c3O | INSCRI\u00c7\u00d5ES ESGOTADAS<br \/>\n<strong>Proje\u00e7\u00e3o do filme <em>As culturas que vem de longe<\/em><\/strong><\/p>\n<p>Filme produzido e orientado pelo CLIA Anilupa com o Pelouro da Educa\u00e7\u00e3o da C\u00e2mara Municipal do Porto<\/p>\n<p>&nbsp;<\/p>\n<p>Este filme resulta de hist\u00f3rias tradicionais contadas por pessoas de v\u00e1rias nacionalidades, pertencentes \u00e0 Comunidade de S. Cirilo, institui\u00e7\u00e3o vizinha da Casa Marta Ortig\u00e3o Sampaio, que acolhe pessoas em situa\u00e7\u00f5es de emigra\u00e7\u00e3o. \u201cO dia da manteiga\u201d ou \u201cMaslenitsa\u201d na R\u00fassia, a lenda que originou \u201cO dia dos afilhados Colombianos\u201d ou a bebida chamada \u201cChimarr\u00e3o\u201d, do Brasil, s\u00e3o algumas tradi\u00e7\u00f5es reconstitu\u00eddas pelos alunos. Este filme expressa tamb\u00e9m o desejo de conviv\u00eancia e de conhecimento entre os povos e os valores da interculturalidade. Um museu \u00e9 sempre um espa\u00e7o de partilha de culturas pelo que selecionamos este filme para o mostrarmos a todos os que nos visitam neste dia.<\/p>\n<p>&nbsp;<\/p>\n<p>M\/3<br \/>\nDura\u00e7\u00e3o: 7&#8242;<br \/>\nMediante ordem de chegada at\u00e9 \u00e0 lota\u00e7\u00e3o do espa\u00e7o<\/p>\n<p>&nbsp;<\/p>\n<p>&nbsp;<\/p>\n<p><strong>17H<\/strong><br \/>\nPOESIA NO MUSEU | INSCRI\u00c7\u00d5ES ESGOTADAS<br \/>\n<strong>Leituras soltas na casa<\/strong><br \/>\nCom Nova Acr\u00f3pole<\/p>\n<p>Sess\u00e3o com leituras de poemas e textos no espa\u00e7o interior do museu, junto a pinturas ou pe\u00e7as da cole\u00e7\u00e3o da Marta Ortig\u00e3o Sampaio.<\/p>\n<p>&nbsp;<\/p>\n<p>M\/12<br \/>\nDura\u00e7\u00e3o: 30&#8242;<br \/>\nLota\u00e7\u00e3o: 20 participantes<\/p>\n<p>&nbsp;<\/p>\n<p>&nbsp;<\/p>\n<p><strong>17H30<\/strong><br \/>\n<strong>FIM EM FESTA<\/strong><\/p>\n<p>Porto de Honra com todos os amigos e vizinhos do Museu.<\/p>\n<p>Todos<br \/>\nDura\u00e7\u00e3o: 60&#8242;<\/p>\n<p>&nbsp;<\/p>\n<p>&nbsp;<\/p>\n<p>INSCRI\u00c7\u00d5ES<\/p>\n<p>A participa\u00e7\u00e3o \u00e9 gratuita mediante inscri\u00e7\u00e3o pr\u00e9via atrav\u00e9s do\u00a0<a href=\"https:\/\/questionarios.cm-porto.pt\/index.php\/567672?lang=pt\"><u>formul\u00e1rio<\/u><\/a>. Haver\u00e1 um conjunto de lugares que s\u00f3 ser\u00e1 disponibilizado no local, cerca de 30 minutos antes de cada evento. Informa\u00e7\u00f5es em\u00a0<a href=\"mailto:mdc.educativo@cm-porto.pt\">mdc.educativo@cm-porto.pt<\/a><\/p>\n"}],"previous_link":{"label":"Dia do Vizinho #3","link":"https:\/\/museudoporto.pt\/en\/recurso\/dia-do-vizinho-3\/"},"next_link":{"label":"Dia do Vizinho #5","link":"https:\/\/museudoporto.pt\/en\/recurso\/dia-do-vizinho-5\/"}},"_links":{"self":[{"href":"https:\/\/museudoporto.pt\/en\/wp-json\/wp\/v2\/resource\/11828","targetHints":{"allow":["GET"]}}],"collection":[{"href":"https:\/\/museudoporto.pt\/en\/wp-json\/wp\/v2\/resource"}],"about":[{"href":"https:\/\/museudoporto.pt\/en\/wp-json\/wp\/v2\/types\/resource"}],"wp:featuredmedia":[{"embeddable":true,"href":"https:\/\/museudoporto.pt\/en\/wp-json\/wp\/v2\/media\/11829"}],"wp:attachment":[{"href":"https:\/\/museudoporto.pt\/en\/wp-json\/wp\/v2\/media?parent=11828"}],"wp:term":[{"taxonomy":"resource_category","embeddable":true,"href":"https:\/\/museudoporto.pt\/en\/wp-json\/wp\/v2\/resource_category?post=11828"}],"curies":[{"name":"wp","href":"https:\/\/api.w.org\/{rel}","templated":true}]}}