{"id":12538,"date":"2023-03-01T15:28:11","date_gmt":"2023-03-01T15:28:11","guid":{"rendered":"https:\/\/museudacidadeporto.pt\/?post_type=resource&#038;p=12538"},"modified":"2023-03-29T14:31:57","modified_gmt":"2023-03-29T13:31:57","slug":"deriva-16-lugares-de-eugenio","status":"publish","type":"resource","link":"https:\/\/museudoporto.pt\/en\/recurso\/deriva-16-lugares-de-eugenio\/","title":{"rendered":"DERIVA #16 \u2014 LUGARES DE EUG\u00c9NIO"},"content":{"rendered":"","protected":false},"featured_media":12954,"template":"","resource_category":[20,65,27,22],"class_list":["post-12538","resource","type-resource","status-publish","has-post-thumbnail","hentry","resource_category-atividades","resource_category-caminhos-atividade","resource_category-deriva","resource_category-programas-operativos-2"],"acf":{"ambient_sound":false,"breadcrumb":false,"file":false,"content":[{"acf_fc_layout":"event","display_title":"DERIVA #16 \u2014 LUGARES DE EUG\u00c9NIO","subtitle":"<p>Com Arnaldo Saraiva<\/p>\n","date":{"show_time":true,"type":"range","date":null,"start_date":"04\/04\/2023 15:00","end_date":"04\/04\/2023 16:30"},"sessions":null,"location":{"type":"other","station":false,"location":"RUA DO DUQUE DE PALMELA"},"media":{"type":false,"image":{"ID":12955,"id":12955,"title":"4","filename":"4-scaled.jpg","filesize":288486,"url":"https:\/\/museudoporto.pt\/wp-content\/uploads\/2023\/03\/4-scaled.jpg","link":"https:\/\/museudoporto.pt\/en\/4-5-2\/","alt":"","author":"11","description":"","caption":"","name":"4-5-2","status":"inherit","uploaded_to":0,"date":"2023-03-29 13:24:59","modified":"2023-03-29 13:25:37","menu_order":0,"mime_type":"image\/jpeg","type":"image","subtype":"jpeg","icon":"https:\/\/museudoporto.pt\/wp-includes\/images\/media\/default.png","width":2560,"height":1724,"sizes":{"thumbnail":"https:\/\/museudoporto.pt\/wp-content\/uploads\/2023\/03\/4-150x150.jpg","thumbnail-width":150,"thumbnail-height":150,"medium":"https:\/\/museudoporto.pt\/wp-content\/uploads\/2023\/03\/4-300x202.jpg","medium-width":300,"medium-height":202,"medium_large":"https:\/\/museudoporto.pt\/wp-content\/uploads\/2023\/03\/4-768x517.jpg","medium_large-width":640,"medium_large-height":431,"large":"https:\/\/museudoporto.pt\/wp-content\/uploads\/2023\/03\/4-1024x690.jpg","large-width":640,"large-height":431,"ufg_200_200":"https:\/\/museudoporto.pt\/wp-content\/uploads\/2023\/03\/4-scaled.jpg","ufg_200_200-width":200,"ufg_200_200-height":135,"ufg_300_300":"https:\/\/museudoporto.pt\/wp-content\/uploads\/2023\/03\/4-scaled.jpg","ufg_300_300-width":300,"ufg_300_300-height":202,"ufg_400_400":"https:\/\/museudoporto.pt\/wp-content\/uploads\/2023\/03\/4-scaled.jpg","ufg_400_400-width":400,"ufg_400_400-height":269,"1536x1536":"https:\/\/museudoporto.pt\/wp-content\/uploads\/2023\/03\/4-1536x1034.jpg","1536x1536-width":1536,"1536x1536-height":1034,"2048x2048":"https:\/\/museudoporto.pt\/wp-content\/uploads\/2023\/03\/4-2048x1379.jpg","2048x2048-width":2048,"2048x2048-height":1379}},"gallery":false},"excerpt":"<p>Visita a alguns dos lugares portuenses mais frequentados por Eug\u00e9nio de Andrade entre 1950 a 1992.<\/p>\n","content":"<p>Admitido em 1947 como funcion\u00e1rio em Lisboa dos Servi\u00e7os M\u00e9dico-Sociais, Eug\u00e9nio de Andrade foi, tr\u00eas anos depois, por conveni\u00eancia desses Servi\u00e7os, colocado no Porto. Aqui n\u00e3o tardou a fixar-se num pequeno apartamento da Rua Duque de Palmela n.\u00ba 111, que s\u00f3 deixou quando, em 1992, foi viver na zona ocidental da cidade, no edif\u00edcio da Funda\u00e7\u00e3o que tinha o seu nome, na Rua do Passeio Alegre n.\u00ba 584.<\/p>\n<p>Ao longo de cerca de 40 anos, o Poeta familiarizou-se diariamente com a t\u00edpica zona das Fontainhas e de S\u00e3o L\u00e1zaro, ou com a paisagem urbana e social que vai mais ou menos da Rua de Santa Catarina ao cemit\u00e9rio do Prado de Repouso, onde por sinal est\u00e1 o seu t\u00famulo. Fazendo o curto percurso de alguns desses lugares, leremos em cada um deles os textos de poesia ou de prosa em que Eug\u00e9nio de Andrade os celebrou, com palavras t\u00e3o breves quanto belas e inesquec\u00edveis.<\/p>\n<p>&nbsp;<\/p>\n<p>As Derivas s\u00e3o percursos culturais tem\u00e1ticos conduzidos por especialistas. A cidade e a sua riqueza hist\u00f3rica e natural definem com generosidade a amplitude geogr\u00e1fica do percurso.<\/p>\n<p>O grau de dificuldade depende da topografia, a extens\u00e3o \u00e9 calculada para uma dura\u00e7\u00e3o vari\u00e1vel de 1 a 2 horas. Acontece mensalmente na primeira ter\u00e7a-feira do m\u00eas, repetindo no s\u00e1bado seguinte, sempre \u00e0s 15h. Requer inscri\u00e7\u00e3o pr\u00e9via.<\/p>\n<p>&nbsp;<\/p>\n<p><strong>Ponto de encontro: <\/strong>Rua do Duque de Palmela, 111<\/p>\n<p>&nbsp;<\/p>\n<p><strong>Arnaldo Saraiva<\/strong> \u00e9 poeta, professor da Faculdade de Letras da Universidade do Porto, e foi o \u00faltimo presidente da Funda\u00e7\u00e3o Eug\u00e9nio de Andrade. \u00c9 autor de uma extensa obra, repartida pela poesia, cr\u00f3nica, ensaio e tradu\u00e7\u00e3o.<\/p>\n<p>&nbsp;<\/p>\n<h2>INSCRI\u00c7\u00d5ES<\/h2>\n<p><a href=\"https:\/\/museudoporto.bol.pt\/Comprar\/Bilhetes\/121642-deriva_16_lugares_de_eugenio-museu_do_porto\/\">BILHETEIRA ONLINE<\/a><br \/>\nNos espa\u00e7os do Museu do Porto ou Biblioteca Municipal Almeida Garrett.<\/p>\n<p>&nbsp;<\/p>\n<p>Inscri\u00e7\u00f5es<\/p>\n<p><strong>2\u20ac<\/strong><\/p>\n<p>&nbsp;<\/p>\n<p>Cart\u00e3o Porto, titulares do cart\u00e3o Bibliotecas Municipais, colaboradores CMP e Empresas Municipais<\/p>\n<p><strong>1\u20ac<\/strong><\/p>\n<p>&nbsp;<\/p>\n<p>Estudantes<\/p>\n<p><strong>1,40\u20ac<\/strong><\/p>\n<p>&nbsp;<\/p>\n<p>Limite de 20 participantes. + info\u00a0<a title=\"mailto:mdc.educativo@cm-porto.pt\" href=\"mailto:mdc.educativo@cm-porto.pt\" data-cursor-hover=\"ready\">mdc.educativo@cm-porto.pt<\/a>. ou\u00a0<span data-contrast=\"auto\">(+351) 226<\/span><span data-contrast=\"auto\">\u202f<\/span><span data-contrast=\"auto\">057<\/span><span data-contrast=\"auto\">000.<\/span><\/p>\n"}],"previous_link":{"label":"","link":""},"next_link":{"label":"","link":""}},"_links":{"self":[{"href":"https:\/\/museudoporto.pt\/en\/wp-json\/wp\/v2\/resource\/12538","targetHints":{"allow":["GET"]}}],"collection":[{"href":"https:\/\/museudoporto.pt\/en\/wp-json\/wp\/v2\/resource"}],"about":[{"href":"https:\/\/museudoporto.pt\/en\/wp-json\/wp\/v2\/types\/resource"}],"wp:featuredmedia":[{"embeddable":true,"href":"https:\/\/museudoporto.pt\/en\/wp-json\/wp\/v2\/media\/12954"}],"wp:attachment":[{"href":"https:\/\/museudoporto.pt\/en\/wp-json\/wp\/v2\/media?parent=12538"}],"wp:term":[{"taxonomy":"resource_category","embeddable":true,"href":"https:\/\/museudoporto.pt\/en\/wp-json\/wp\/v2\/resource_category?post=12538"}],"curies":[{"name":"wp","href":"https:\/\/api.w.org\/{rel}","templated":true}]}}