{"id":15589,"date":"2024-03-04T13:11:52","date_gmt":"2024-03-04T13:11:52","guid":{"rendered":"https:\/\/museudoporto.pt\/?post_type=resource&#038;p=15589"},"modified":"2024-03-21T14:31:37","modified_gmt":"2024-03-21T14:31:37","slug":"brandos-costumes-de-alberto-seixas-santos","status":"publish","type":"resource","link":"https:\/\/museudoporto.pt\/en\/recurso\/brandos-costumes-de-alberto-seixas-santos\/","title":{"rendered":"\u00abBRANDOS COSTUMES\u00bb, de Alberto Seixas Santos"},"content":{"rendered":"","protected":false},"featured_media":15643,"template":"","resource_category":[20,24],"class_list":["post-15589","resource","type-resource","status-publish","has-post-thumbnail","hentry","resource_category-atividades","resource_category-plataformas-publicas"],"acf":{"ambient_sound":false,"breadcrumb":false,"file":false,"content":[{"acf_fc_layout":"event","display_title":"\u00abBRANDOS COSTUMES\u00bb, de Alberto Seixas Santos","subtitle":"<p>Com <span class=\"TextRun SCXW238666605 BCX0\" lang=\"PT-PT\" xml:lang=\"PT-PT\" data-contrast=\"auto\"><span class=\"NormalTextRun SCXW238666605 BCX0\">Maria Jo\u00e3o Madeira e <span class=\"TextRun Highlight SCXW193807721 BCX0\" lang=\"PT-PT\" xml:lang=\"PT-PT\" data-contrast=\"none\"><span class=\"NormalTextRun SCXW193807721 BCX0\">Mois\u00e9s de Lemos Martins<\/span><\/span><\/span><\/span><\/p>\n","date":{"show_time":true,"type":"range","date":null,"start_date":"11\/04\/2024 21:30","end_date":"11\/04\/2024 23:30"},"sessions":null,"location":{"type":"other","station":false,"location":"BIBLIOTECA MUNICIPAL ALMEIDA GARRETT"},"media":{"type":false,"image":{"ID":15644,"id":15644,"title":"still_brandoscostumes","filename":"still_brandoscostumes.png","filesize":380511,"url":"https:\/\/museudoporto.pt\/wp-content\/uploads\/2024\/03\/still_brandoscostumes.png","link":"https:\/\/museudoporto.pt\/en\/still_brandoscostumes-2\/","alt":"","author":"11","description":"","caption":"","name":"still_brandoscostumes-2","status":"inherit","uploaded_to":0,"date":"2024-03-15 15:01:18","modified":"2024-03-15 15:01:28","menu_order":0,"mime_type":"image\/png","type":"image","subtype":"png","icon":"https:\/\/museudoporto.pt\/wp-includes\/images\/media\/default.png","width":696,"height":434,"sizes":{"thumbnail":"https:\/\/museudoporto.pt\/wp-content\/uploads\/2024\/03\/still_brandoscostumes-150x150.png","thumbnail-width":150,"thumbnail-height":150,"medium":"https:\/\/museudoporto.pt\/wp-content\/uploads\/2024\/03\/still_brandoscostumes-300x187.png","medium-width":300,"medium-height":187,"medium_large":"https:\/\/museudoporto.pt\/wp-content\/uploads\/2024\/03\/still_brandoscostumes.png","medium_large-width":640,"medium_large-height":399,"large":"https:\/\/museudoporto.pt\/wp-content\/uploads\/2024\/03\/still_brandoscostumes.png","large-width":640,"large-height":399,"ufg_200_200":"https:\/\/museudoporto.pt\/wp-content\/uploads\/2024\/03\/still_brandoscostumes.png","ufg_200_200-width":200,"ufg_200_200-height":125,"ufg_300_300":"https:\/\/museudoporto.pt\/wp-content\/uploads\/2024\/03\/still_brandoscostumes.png","ufg_300_300-width":300,"ufg_300_300-height":187,"ufg_400_400":"https:\/\/museudoporto.pt\/wp-content\/uploads\/2024\/03\/still_brandoscostumes.png","ufg_400_400-width":400,"ufg_400_400-height":249,"1536x1536":"https:\/\/museudoporto.pt\/wp-content\/uploads\/2024\/03\/still_brandoscostumes.png","1536x1536-width":696,"1536x1536-height":434,"2048x2048":"https:\/\/museudoporto.pt\/wp-content\/uploads\/2024\/03\/still_brandoscostumes.png","2048x2048-width":696,"2048x2048-height":434}},"gallery":false},"excerpt":"<p><span data-contrast=\"auto\"><em>O ponto de partida de \u201cBrandos Costumes\u201d \u00e9 simples, linear, objectivo: dizer um nome, evocar uma imagem e p\u00f4-los \u2014 nome e imagem \u2014 em cena: S-A-L-A-Z-A-R.<\/em> (Jo\u00e3o Lopes, do seu texto sobre \u00abBrandos Costumes\u00bb, em <\/span><i><span data-contrast=\"auto\">Alberto Seixas Santos<\/span><\/i><span data-contrast=\"auto\">, Cinemateca Portuguesa-Museu do Cinema, 2016)<\/span><span data-ccp-props=\"{&quot;201341983&quot;:0,&quot;335551550&quot;:6,&quot;335551620&quot;:6,&quot;335559740&quot;:360}\">\u00a0<\/span><\/p>\n","content":"<p><span data-contrast=\"auto\"><em>O ponto de partida de \u201cBrandos Costumes\u201d \u00e9 simples, linear, objeCtivo: dizer um nome, evocar uma imagem e p\u00f4-los \u2014 nome e imagem \u2014 em cena: S-A-L-A-Z-A-R.<\/em> (Jo\u00e3o Lopes, do seu texto sobre \u00abBrandos Costumes\u00bb, em <\/span><i><span data-contrast=\"auto\">Alberto Seixas Santos<\/span><\/i><span data-contrast=\"auto\">, Cinemateca Portuguesa-Museu do Cinema, 2016)<\/span><span data-ccp-props=\"{&quot;201341983&quot;:0,&quot;335551550&quot;:6,&quot;335551620&quot;:6,&quot;335559740&quot;:360}\">\u00a0<\/span><\/p>\n<p><span data-contrast=\"auto\">\u00abCom argumento escrito a tr\u00eas m\u00e3os (as dele [Seixas Santos] e as dos poetas Lu\u00edsa Neto Jorge e Nuno J\u00fadice), Seixas Santos centrou-se numa hist\u00f3ria de uma fam\u00edlia da pequena burguesia: Av\u00f3, que tinha no quarto os retratos da \u00faltima fam\u00edlia real e ainda chorava o louro pr\u00edncipe assassinado em 1908; pai, jacobino anti-clerical, t\u00e3o republicano nas ideias como autorit\u00e1rio e repressivo na vida familiar; m\u00e3e e filha mais velha, salazaristas (um discurso da m\u00e3e \u00e0 criada sobre mendigos \u00e9 texto de uma entrevista de Salazar); filha mais nova \u201crevolucion\u00e1ria\u201d, com retrato de Che e a busca do amor livre. O filme centra-se no tema da morte do pai em rima com a morte de Salazar, ilustrado por muitas imagens de \u201cJornais de Actualidades\u201d, do seu enterro. As duas ordens e as duas mortes s\u00e3o indissoci\u00e1veis, o que torna aquela fam\u00edlia um microcosmos do pa\u00eds.\u00bb (Jo\u00e3o B\u00e9nard da Costa, excerto de \u201cAlberto Seixas Santos\u201d, texto bio-filmogr\u00e1fico, <\/span><i><span data-contrast=\"auto\">idem<\/span><\/i><span data-contrast=\"auto\">)\u00a0<\/span><span data-ccp-props=\"{&quot;201341983&quot;:0,&quot;335551550&quot;:6,&quot;335551620&quot;:6,&quot;335559740&quot;:360}\">\u00a0<\/span><\/p>\n<p>&nbsp;<\/p>\n<p><span class=\"TextRun SCXW193568014 BCX0\" lang=\"PT-PT\" xml:lang=\"PT-PT\" data-contrast=\"none\"><span class=\"NormalTextRun SCXW193568014 BCX0\">Ano: <span class=\"NormalTextRun SCXW241821771 BCX0\">1974<\/span><\/span><\/span><br \/>\n<span class=\"TextRun SCXW193568014 BCX0\" lang=\"PT-PT\" xml:lang=\"PT-PT\" data-contrast=\"none\"><span class=\"NormalTextRun SCXW193568014 BCX0\">Dura\u00e7\u00e3o: <span class=\"NormalTextRun SCXW241821771 BCX0\">72<\/span><span class=\"NormalTextRun SCXW241821771 BCX0\">&#8216;<\/span><\/span><\/span><\/p>\n<p>&nbsp;<\/p>\n<p><span data-contrast=\"auto\">Depois de atividade cr\u00edtica e cineclub\u00edstica, <strong>Alberto Seixas dos Santos<\/strong> (1936-2016) estudou no Institut d\u2019Hautes \u00c9tudes Cin\u00e9matographiques, Paris, e na London Scholl of Film, Londres (1962-63). Foi um dos fundadores do Centro Portugu\u00eas de Cinema (1969). Em 1973, cria a primeira Escola Superior de Cinema em Portugal, tendo sido posteriormente presidente do Instituto Portugu\u00eas de Cinema (1976-78). Realizou os seguintes filmes: <em>Ind\u00fastria cervejeira em Portugal: a nova f\u00e1brica da Sociedade Central de Cervejas <\/em>e <em>A arte e of\u00edcio de ourives<\/em> (curtas-metragens documentais, ambas de 1967), <em>Brandos Costumes<\/em> (1974), <em>As armas e o povo<\/em> (realiza\u00e7\u00e3o coletiva, 1975), <em>A lei da terra<\/em> (realiza\u00e7\u00e3o coletiva, 1977), <em>Gestos &amp; Fragmentos<\/em> (1982), <em>Para\u00edso Perdido<\/em> (1992), <em>Mal<\/em> (1999), <em>A rapariga da m\u00e3o morta<\/em> (curta-metragem, 2005) e <em>E o tempo passa<\/em>\u00a0(2010). Foi ainda argumentista e encenador.<\/span><span data-ccp-props=\"{&quot;201341983&quot;:0,&quot;335551550&quot;:6,&quot;335551620&quot;:6,&quot;335559737&quot;:-1,&quot;335559740&quot;:360}\">\u00a0<\/span><\/p>\n<p><span data-ccp-props=\"{&quot;201341983&quot;:0,&quot;335551550&quot;:6,&quot;335551620&quot;:6,&quot;335559737&quot;:-1,&quot;335559740&quot;:360}\">\u00a0<\/span><\/p>\n<p><b><span data-contrast=\"auto\">Maria Jo\u00e3o Madeira <\/span><\/b>\u00e9 l<span data-contrast=\"none\">icenci<\/span><span data-contrast=\"none\">ada em Comunica\u00e7\u00e3o Social pela\u202fUniversidade Nova de Lisboa\u202fem 1992. T<\/span><span data-contrast=\"none\">rabalha em programa\u00e7\u00e3o de cinema na\u202fCinemateca Portuguesa\u2013Museu do Cinema, concentrando-se na organiza\u00e7\u00e3o de ciclos, produ\u00e7\u00e3o de textos e edi\u00e7\u00f5es. Tem publicado sobre cinema noutros contextos e mantido uma atividade regular de tradu\u00e7\u00e3o, sobretudo de filmes.<\/span><span data-ccp-props=\"{&quot;201341983&quot;:0,&quot;335551550&quot;:6,&quot;335551620&quot;:6,&quot;335559740&quot;:360}\">\u00a0<\/span><\/p>\n<p><span data-ccp-props=\"{&quot;201341983&quot;:0,&quot;335551550&quot;:6,&quot;335551620&quot;:6,&quot;335559740&quot;:360}\">\u00a0<\/span><\/p>\n<p><b><span data-contrast=\"none\">Mois\u00e9s de Lemos Martins <\/span><\/b>\u00e9 <span data-contrast=\"none\">Professor Catedr\u00e1tico da Universidade do Minho (jubilado) e da Universidade Lus\u00f3fona. Na Universidade do Minho criou o Centro de Estudos de Comunica\u00e7\u00e3o e Sociedade, em 2001, e o Museu Virtual da Lusofonia, em 2017. Atualmente, \u00e9 Presidente da Associa\u00e7\u00e3o Ibero-Americana de Investigadores em Comunica\u00e7\u00e3o. Tendo vasta publica\u00e7\u00e3o sobre sociedade e cultura, a sua primeira obra intitula-se <\/span><i><span data-contrast=\"none\">O olho de Deus no discurso salazarista<\/span><\/i><span data-contrast=\"none\"> (Edi\u00e7\u00f5es Afrontamento, Porto, 1990), tese de doutoramento apresentada na Universidade de Ci\u00eancias Humanas de Estrasburgo, 1984.<\/span><span data-ccp-props=\"{&quot;201341983&quot;:0,&quot;335551550&quot;:6,&quot;335551620&quot;:6,&quot;335559740&quot;:360}\">\u00a0<\/span><\/p>\n<p>&nbsp;<\/p>\n<h2>BILHETES<\/h2>\n<p>Entrada gratuita sujeita \u00e0 lota\u00e7\u00e3o do espa\u00e7o.<br \/>\nBilhetes dispon\u00edveis nos balc\u00f5es do Museu e Bibliotecas do Porto, 48h antes da sess\u00e3o. Limitado a 2 bilhetes\/pessoa.<\/p>\n<h2>ENDERE\u00c7O<\/h2>\n<p>Jardins do Pal\u00e1cio de Cristal<br \/>\nRua de Dom Manuel II<br \/>\n4050-239 Porto<\/p>\n<h2>AUTOCARRO<\/h2>\n<p>1M, 200, 201, 207, 208, 302, 303, 501, 507, 601, ZM, 12M, 13M<br \/>\nCircular Massarelos \u2013 Carmo<\/p>\n<h2>ESTACIONAMENTO<\/h2>\n<p>Pal\u00e1cio de Cristal<\/p>\n"}],"previous_link":{"label":"LES AMANTS R\u00c9GULIERS (OS AMANTES REGULARES) DE PHILIPPE GARREL","link":"https:\/\/museudoporto.pt\/en\/recurso\/les-amants-reguliers-os-amantes-regulares-de-philippe-garrel\/"},"next_link":{"label":"DINA E DJANGO de Solveig Nordlund","link":"https:\/\/museudoporto.pt\/en\/recurso\/dina-e-django-de-solveig-nordlund\/"}},"_links":{"self":[{"href":"https:\/\/museudoporto.pt\/en\/wp-json\/wp\/v2\/resource\/15589","targetHints":{"allow":["GET"]}}],"collection":[{"href":"https:\/\/museudoporto.pt\/en\/wp-json\/wp\/v2\/resource"}],"about":[{"href":"https:\/\/museudoporto.pt\/en\/wp-json\/wp\/v2\/types\/resource"}],"wp:featuredmedia":[{"embeddable":true,"href":"https:\/\/museudoporto.pt\/en\/wp-json\/wp\/v2\/media\/15643"}],"wp:attachment":[{"href":"https:\/\/museudoporto.pt\/en\/wp-json\/wp\/v2\/media?parent=15589"}],"wp:term":[{"taxonomy":"resource_category","embeddable":true,"href":"https:\/\/museudoporto.pt\/en\/wp-json\/wp\/v2\/resource_category?post=15589"}],"curies":[{"name":"wp","href":"https:\/\/api.w.org\/{rel}","templated":true}]}}