{"id":16950,"date":"2024-08-27T15:53:37","date_gmt":"2024-08-27T14:53:37","guid":{"rendered":"https:\/\/museudoporto.pt\/?post_type=resource&#038;p=16950"},"modified":"2024-09-16T17:48:06","modified_gmt":"2024-09-16T16:48:06","slug":"jornadas-europeias-do-patrimonio-2024","status":"publish","type":"resource","link":"https:\/\/museudoporto.pt\/en\/recurso\/jornadas-europeias-do-patrimonio-2024\/","title":{"rendered":"JORNADAS EUROPEIAS DO PATRIM\u00d3NIO 2024"},"content":{"rendered":"","protected":false},"featured_media":17125,"template":"","resource_category":[20],"class_list":["post-16950","resource","type-resource","status-publish","has-post-thumbnail","hentry","resource_category-atividades"],"acf":{"ambient_sound":false,"breadcrumb":false,"file":false,"content":[{"acf_fc_layout":"event","display_title":"JORNADAS EUROPEIAS DO PATRIM\u00d3NIO 2024","subtitle":"<p>Entrada gratuita<\/p>\n","date":{"show_time":true,"type":"range","date":null,"start_date":"20\/09\/2024 10:30","end_date":"22\/09\/2024 15:00"},"sessions":null,"location":{"type":"other","station":false,"location":"CASA DO INFANTE \/ ANTIGA CASA DA C\u00c2MARA \/ RESERVAT\u00d3RIO \/ ARQUEOSS\u00cdTIO \/ BIBLIOTECA DE AUTORES PORTUENSES"},"media":{"type":false,"image":{"ID":17126,"id":17126,"title":"JEP2024 Cartaz_1","filename":"JEP2024-Cartaz_1-scaled.jpg","filesize":203875,"url":"https:\/\/museudoporto.pt\/wp-content\/uploads\/2024\/08\/JEP2024-Cartaz_1-scaled.jpg","link":"https:\/\/museudoporto.pt\/en\/jep2024-cartaz_1-2\/","alt":"","author":"11","description":"","caption":"","name":"jep2024-cartaz_1-2","status":"inherit","uploaded_to":0,"date":"2024-09-09 16:00:41","modified":"2024-09-09 16:00:58","menu_order":0,"mime_type":"image\/jpeg","type":"image","subtype":"jpeg","icon":"https:\/\/museudoporto.pt\/wp-includes\/images\/media\/default.png","width":2560,"height":1378,"sizes":{"thumbnail":"https:\/\/museudoporto.pt\/wp-content\/uploads\/2024\/08\/JEP2024-Cartaz_1-150x150.jpg","thumbnail-width":150,"thumbnail-height":150,"medium":"https:\/\/museudoporto.pt\/wp-content\/uploads\/2024\/08\/JEP2024-Cartaz_1-300x162.jpg","medium-width":300,"medium-height":162,"medium_large":"https:\/\/museudoporto.pt\/wp-content\/uploads\/2024\/08\/JEP2024-Cartaz_1-768x414.jpg","medium_large-width":640,"medium_large-height":345,"large":"https:\/\/museudoporto.pt\/wp-content\/uploads\/2024\/08\/JEP2024-Cartaz_1-1024x551.jpg","large-width":640,"large-height":344,"ufg_200_200":"https:\/\/museudoporto.pt\/wp-content\/uploads\/2024\/08\/JEP2024-Cartaz_1-scaled.jpg","ufg_200_200-width":200,"ufg_200_200-height":108,"ufg_300_300":"https:\/\/museudoporto.pt\/wp-content\/uploads\/2024\/08\/JEP2024-Cartaz_1-scaled.jpg","ufg_300_300-width":300,"ufg_300_300-height":161,"ufg_400_400":"https:\/\/museudoporto.pt\/wp-content\/uploads\/2024\/08\/JEP2024-Cartaz_1-scaled.jpg","ufg_400_400-width":400,"ufg_400_400-height":215,"1536x1536":"https:\/\/museudoporto.pt\/wp-content\/uploads\/2024\/08\/JEP2024-Cartaz_1-1536x827.jpg","1536x1536-width":1536,"1536x1536-height":827,"2048x2048":"https:\/\/museudoporto.pt\/wp-content\/uploads\/2024\/08\/JEP2024-Cartaz_1-2048x1103.jpg","2048x2048-width":2048,"2048x2048-height":1103}},"gallery":false},"excerpt":"<p>Sob o mote \u00abRotas, redes e conex\u00f5es\u00bb, a edi\u00e7\u00e3o de 2024 das Jornadas Europeias do Patrim\u00f3nio \u00e9 uma oportunidade de reflex\u00e3o sobre aquilo que nos une e que tem permitido, ao longo dos s\u00e9culos, a partilha de pr\u00e1ticas culturais e art\u00edsticas por toda a Europa. Visitas, oficinas, leituras, pedipapers, conversas e palestras comp\u00f5em a programa\u00e7\u00e3o do Museu e Bibliotecas do Porto, que se distribui pela Antiga Casa da C\u00e2mara, o Reservat\u00f3rio, o Arqueoss\u00edtio e a Biblioteca de Autores Portuenses, o mais recente polo da Biblioteca Errante instalado na Escola Secund\u00e1ria Alexandre Herculano.<\/p>\n","content":"<p>Sob o mote \u00abRotas, redes e conex\u00f5es\u00bb, a edi\u00e7\u00e3o de 2024 das Jornadas Europeias do Patrim\u00f3nio \u00e9 uma oportunidade de reflex\u00e3o sobre aquilo que nos une e que tem permitido, ao longo dos s\u00e9culos, a partilha de pr\u00e1ticas culturais e art\u00edsticas por toda a Europa. Visitas, oficinas, leituras, pedipapers, conversas e palestras comp\u00f5em a programa\u00e7\u00e3o do Museu e Bibliotecas do Porto, que se distribui pela Antiga Casa da C\u00e2mara, o Reservat\u00f3rio, o Arqueoss\u00edtio e a Biblioteca de Autores Portuenses, o mais recente polo da Biblioteca Errante instalado na Escola Secund\u00e1ria Alexandre Herculano.<\/p>\n<p>&nbsp;<\/p>\n<p>&nbsp;<\/p>\n<h2><strong>PROGRAMA<\/strong><\/h2>\n<p>&nbsp;<\/p>\n<p><strong>SEX 20 SET<\/strong><\/p>\n<p>&nbsp;<\/p>\n<p><strong>10H\u201417H30 | <a href=\"https:\/\/museudoporto.pt\/estacao\/casa-do-infante\/\">Casa do Infante<\/a><\/strong><\/p>\n<p>VISITA LIVRE \u00c0 CASA DO INFANTE<\/p>\n<p>&nbsp;<\/p>\n<p>Constru\u00edda em 1325, a Casa do Infante \u00e9 assim designada por a\u00ed ter presumidamente nascido Henrique, o Navegador. O monumento nacional foi a antiga Alf\u00e2ndega da cidade e Casa da Moeda.<\/p>\n<p>Durante a visita observam-se ainda vest\u00edgios de ocupa\u00e7\u00e3o romana, dos s\u00e9culos IV e V com pavimentos de mosaico.<\/p>\n<p>&nbsp;<\/p>\n<p>&nbsp;<\/p>\n<p><strong>10H\u201417H30 | <a href=\"https:\/\/museudoporto.pt\/estacao\/casa-do-infante\/\">Casa do Infante<\/a><\/strong><\/p>\n<p>PEDIPAPER \u2014 PELO MUSEU NUNCA DANTES EXPLORADO<\/p>\n<p>&nbsp;<\/p>\n<p>Explorando o museu com olhos de detetive, os participantes s\u00e3o convidados a aceitar o desafio de seguir uma rota pela sua cole\u00e7\u00e3o, a encontrar pistas e a resolver enigmas com o objetivo de descobrir os vest\u00edgios e as marcas do tempo que foram deixadas neste edif\u00edcio.<\/p>\n<p>&nbsp;<\/p>\n<p><strong>Destinat\u00e1rios:<\/strong> Fam\u00edlias<\/p>\n<p>&nbsp;<\/p>\n<p>&nbsp;<\/p>\n<p><strong>10H\u201417H30 | <a href=\"https:\/\/museudoporto.pt\/en\/estacao\/antiga-casa-da-camara\/\">Antiga Casa da C\u00e2mara<\/a><\/strong><\/p>\n<p>VISITA LIVRE \u00c0 CASA DA C\u00c2MARA<\/p>\n<p>&nbsp;<\/p>\n<p>Na exposi\u00e7\u00e3o patente na Antiga Casa da C\u00e2mara, os artefactos arqueol\u00f3gicos evidenciam o <em>Genius Loci<\/em> do lugar, o Morro da Penaventosa.<\/p>\n<p>&nbsp;<\/p>\n<p>&nbsp;<\/p>\n<p><strong>10H30 | <a href=\"https:\/\/www.bibliotecasdoporto.pt\/artigo\/biblioteca-dos-autores-portuenses\/\">Biblioteca de Autores Portuenses<\/a>\u00a0<\/strong><\/p>\n<p>HORA DO CONTO \u2014 \u00abO PA\u00cdS DAS PESSOAS DE PERNAS PARA O AR\u00bb, DE MANUEL ANT\u00d3NIO PINA<\/p>\n<p>Com Helena Vieira e Ver\u00f3nica Magalh\u00e3es<\/p>\n<p>&nbsp;<\/p>\n<p>Um convite \u00e0 \u00ableitura com os ouvidos\u00bb e com a imagina\u00e7\u00e3o, de uma singular e divertida hist\u00f3ria do autor portuense Manuel Ant\u00f3nio Pina.<\/p>\n<p>&nbsp;<\/p>\n<p><strong>Destinat\u00e1rios:<\/strong> M\/10. Limite de 25 participantes.<\/p>\n<p><strong>Inscri\u00e7\u00f5es<\/strong> <strong>esgotadas<\/strong><\/p>\n<p>&nbsp;<\/p>\n<p><strong>11H \/ 15H | <a href=\"https:\/\/museudoporto.pt\/en\/estacao\/antiga-casa-da-camara\/\">Antiga Casa da C\u00e2mara<\/a><\/strong><\/p>\n<p>DERIVA #38 \u2014 DO PA\u00c7O DA ROLA\u00c7\u00c3O AO PROJETO DO ARQUITETO FERNANDO T\u00c1VORA<\/p>\n<p>Com Ant\u00f3nio Almeida<\/p>\n<p>&nbsp;<\/p>\n<p>Em meados de 1350, a organiza\u00e7\u00e3o municipal mandou construir um pa\u00e7o em pedra, assente na primitiva muralha da cidade. Esta prestigiante torre ameada \u00e9 hoje uma recria\u00e7\u00e3o contempor\u00e2nea do arquiteto Fernando T\u00e1vora (1996-2002), que envolveu parte das ru\u00ednas medievais e fez nascer um amplo lado em vidro, uma interface para a cidade.<\/p>\n<p>&nbsp;<\/p>\n<p><strong>Entrada gratuita<\/strong>. Limite de 20 participantes por sess\u00e3o.<\/p>\n<p>&nbsp;<\/p>\n<p>&nbsp;<\/p>\n<p><strong>14H30 | <a href=\"https:\/\/www.bibliotecasdoporto.pt\/artigo\/biblioteca-dos-autores-portuenses\/\">Biblioteca de Autores Portuenses<\/a>\u00a0<\/strong><\/p>\n<p>HORA DO CONTO \u2014 \u00abA HIST\u00d3RIA DA \u00c9GUA BRANCA\u00bb, DE EUG\u00c9NIO DE ANDRADE<\/p>\n<p>Com Maria Adelaide Silva<\/p>\n<p>&nbsp;<\/p>\n<p>Apresenta\u00e7\u00e3o de um carism\u00e1tico conto de Eug\u00e9nio de Andrade, que desafia \u00e0 descoberta da import\u00e2ncia de receber um legado.<\/p>\n<p>&nbsp;<\/p>\n<p><strong>Destinat\u00e1rios:<\/strong> M\/10. Limite de 25 participantes.<\/p>\n<p><strong>Inscri\u00e7\u00f5es<\/strong> <strong>esgotadas<\/strong><\/p>\n<p>&nbsp;<\/p>\n<p>&nbsp;<\/p>\n<p><strong>15H | <a href=\"https:\/\/museudoporto.pt\/estacao\/reservatorio\/\">Reservat\u00f3rio<\/a><\/strong><\/p>\n<p>VISITA FOCADA \u2014 CIDADE, REDES E FRAGMENTOS<\/p>\n<p>Com Manuela Ribeiro e Isabel Os\u00f3rio<\/p>\n<p>&nbsp;<\/p>\n<p>Cidade \u00e9 sin\u00f3nimo de redes, de ruas que unem os diferentes pontos da urbe e de estradas que a ligam \u00e0 regi\u00e3o, mais ou menos long\u00ednqua, como os caminhos de \u00e1gua por onde chegavam mercadorias produzidas no Alto Douro e Al\u00e9m Mar. Nesta visita vamos cruzar antigas cartas e identificar as estradas que ligavam a cidade \u00e0 regi\u00e3o, por onde chegavam muitos dos objetos que se guardam no Reservat\u00f3rio.<\/p>\n<p>&nbsp;<\/p>\n<p><strong>Inscri\u00e7\u00f5es<\/strong> atrav\u00e9s do <a href=\"https:\/\/questionarios.cm-porto.pt\/index.php\/121431?lang=pt\">formul\u00e1rio<\/a>. Limite de 20 participantes.<\/p>\n<p>&nbsp;<\/p>\n<p>&nbsp;<\/p>\n<p><strong>S\u00c1B 21 SET<\/strong><\/p>\n<p>&nbsp;<\/p>\n<p><strong>10H\u201417H30 | <a href=\"https:\/\/museudoporto.pt\/estacao\/casa-do-infante\/\">Casa do Infante<\/a><\/strong><\/p>\n<p>VISITA LIVRE \u00c0 CASA DO INFANTE<\/p>\n<p>&nbsp;<\/p>\n<p>Constru\u00edda em 1325, a Casa do Infante \u00e9 assim designada por a\u00ed ter presumidamente nascido Henrique, o Navegador. O monumento nacional foi a antiga Alf\u00e2ndega da cidade e Casa da Moeda.<\/p>\n<p>Durante a visita observam-se ainda vest\u00edgios de ocupa\u00e7\u00e3o romana, dos s\u00e9culos IV e V com pavimentos de mosaico.<\/p>\n<p>&nbsp;<\/p>\n<p>&nbsp;<\/p>\n<p><strong>10H\u201417H30 | <a href=\"https:\/\/museudoporto.pt\/estacao\/casa-do-infante\/\">Casa do Infante<\/a><\/strong><\/p>\n<p>PEDIPAPER \u2014 PELO MUSEU NUNCA DANTES EXPLORADO<\/p>\n<p>&nbsp;<\/p>\n<p>Explorando o museu com olhos de detetive, os participantes s\u00e3o convidados a aceitar o desafio de seguir uma rota pela sua cole\u00e7\u00e3o, a encontrar pistas e a resolver enigmas com o objetivo de descobrir os vest\u00edgios e as marcas do tempo que foram deixadas neste edif\u00edcio.<\/p>\n<p>&nbsp;<\/p>\n<p><strong>Destinat\u00e1rios:<\/strong> Fam\u00edlias<\/p>\n<p>&nbsp;<\/p>\n<p>&nbsp;<\/p>\n<p><strong>10H\u201417H30 | <a href=\"https:\/\/museudoporto.pt\/en\/estacao\/antiga-casa-da-camara\/\">Antiga Casa da C\u00e2mara<\/a><\/strong><\/p>\n<p>VISITA LIVRE \u00c0 CASA DA C\u00c2MARA<\/p>\n<p>&nbsp;<\/p>\n<p>Na exposi\u00e7\u00e3o patente na Antiga Casa da C\u00e2mara, os artefactos arqueol\u00f3gicos evidenciam o <em>Genius Loci<\/em> do lugar, o Morro da Penaventosa.<\/p>\n<p>&nbsp;<\/p>\n<p>&nbsp;<\/p>\n<p><strong>11H \/ 15H | <a href=\"https:\/\/museudoporto.pt\/en\/estacao\/antiga-casa-da-camara\/\">Antiga Casa da C\u00e2mara<\/a><\/strong><\/p>\n<p>DERIVA #38 \u2014 DO PA\u00c7O DA ROLA\u00c7\u00c3O AO PROJETO DO ARQUITETO FERNANDO T\u00c1VORA<\/p>\n<p>Com Ant\u00f3nio Almeida<\/p>\n<p>&nbsp;<\/p>\n<p>Em meados de 1350, a organiza\u00e7\u00e3o municipal mandou construir um pa\u00e7o em pedra, assente na primitiva muralha da cidade. Esta prestigiante torre ameada \u00e9 hoje uma recria\u00e7\u00e3o contempor\u00e2nea do arquiteto Fernando T\u00e1vora (1996-2002), que envolveu parte das ru\u00ednas medievais e fez nascer um amplo lado em vidro, uma interface para a cidade.<\/p>\n<p>&nbsp;<\/p>\n<p><strong>Entrada gratuita<\/strong>. Limite de 20 participantes por sess\u00e3o.<\/p>\n<p>&nbsp;<\/p>\n<p>&nbsp;<\/p>\n<p><strong>15H | <a href=\"https:\/\/museudoporto.pt\/estacao\/casa-do-infante\/\">Casa do Infante<\/a><\/strong><\/p>\n<p>CONVERSA \u2014 RENASCIMENTO COMERCIAL NO S\u00c9CULO XI: A ESTRUTURA\u00c7\u00c3O DAS NOVAS REDES COMERCIAIS A PARTIR DA BAIXA IDADE M\u00c9DIA<\/p>\n<p>Com Miguel Marques<\/p>\n<p>&nbsp;<\/p>\n<p>Apresenta\u00e7\u00e3o sobre os fatores que levaram ao incremento de novas rotas comerciais que acompanharam o desenvolvimento de produ\u00e7\u00e3o e comercial na europa nos s\u00e9culos X e XI. Ser\u00e3o ainda abordadas as rela\u00e7\u00f5es comerciais para com o Mediterr\u00e2neo, Oriente e Africa e como estas provocaram altera\u00e7\u00f5es sociais profundas e novas formas de consumo.<\/p>\n<p>&nbsp;<\/p>\n<p><strong>Inscri\u00e7\u00f5es <\/strong>atrav\u00e9s do <a href=\"https:\/\/questionarios.cm-porto.pt\/index.php\/654441?lang=pt\">formul\u00e1rio<\/a>. Limite de 70 participantes.<\/p>\n<p>&nbsp;<\/p>\n<p>&nbsp;<\/p>\n<p><strong>15H | <a href=\"https:\/\/museudoporto.pt\/estacao\/reservatorio\/\">Reservat\u00f3rio<\/a><\/strong><\/p>\n<p>CONVERSA \u2014 CAMINHOS ANTIGOS DO PORTO: VEST\u00cdGIOS ARQUEOL\u00d3GICOS EM PARANHOS E NEVOGILDE<\/p>\n<p>Com Edite Martins de S\u00e1 e Lurdes Oliveira<\/p>\n<p>&nbsp;<\/p>\n<p>Nestas Jornadas Europeias do Patrim\u00f3nio damos a conhecer os resultados de recentes interven\u00e7\u00f5es arqueol\u00f3gicas, realizadas em Paranhos e Nevogilde, onde foram identificados vest\u00edgios de antigos caminhos, um deles de \u00e9poca Romana. Estes ind\u00edcios, as suas t\u00e9cnicas de constru\u00e7\u00e3o e os materiais arqueol\u00f3gicos associados (incluindo objetos pr\u00e9-hist\u00f3ricos) permitem-nos compreender o desenvolvimento da rede vi\u00e1ria no territ\u00f3rio, rotas de circula\u00e7\u00e3o e as suas m\u00faltiplas conex\u00f5es.<\/p>\n<p>&nbsp;<\/p>\n<p><b>Entrada livre<\/b>, sujeita \u00e0 lota\u00e7\u00e3o do espa\u00e7o<\/p>\n<p>&nbsp;<\/p>\n<p>&nbsp;<\/p>\n<p><strong>21H30 | Ponto de encontro: <a href=\"https:\/\/museudoporto.pt\/en\/estacao\/arqueossitio-2\/\">Arqueoss\u00edtio<\/a> | Fim: Pra\u00e7a da Ribeira<\/strong><\/p>\n<p>DERIVA #39 \u2014 PERCURSO NOTURNO NO CENTRO HIST\u00d3RICO DO PORTO<\/p>\n<p>Com Gra\u00e7a Lacerda e S\u00e9rgio Gomes<\/p>\n<p>&nbsp;<\/p>\n<p>A partir do local onde diferentes camadas com mais de 2500 anos contam a hist\u00f3ria da cidade, percorremos ruas, ouvimos curiosidades, fazemos uma viagem no tempo e no espa\u00e7o numa luz oculta com segredos a descobrir.<\/p>\n<p>&nbsp;<\/p>\n<p><strong>Inscri\u00e7\u00f5es<\/strong> atrav\u00e9s do <a href=\"https:\/\/questionarios.cm-porto.pt\/index.php\/416446?lang=pt\">formul\u00e1rio<\/a>. Limite de 30 participantes.<\/p>\n<p>Aconselha-se o uso de cal\u00e7ado confort\u00e1vel e agasalho adequado \u00e0s condi\u00e7\u00f5es meteorol\u00f3gicas. O pavimento do itiner\u00e1rio \u00e9 irregular e tem escadas \u00edngremes. A cada participante ser\u00e1 emprestado um r\u00e1dio guia para a visita. Solicita-se que traga um auricular.<\/p>\n<p>&nbsp;<\/p>\n<p>&nbsp;<\/p>\n<p><strong>DOM 22 SET<\/strong><\/p>\n<p>&nbsp;<\/p>\n<p><strong>10H\u201417H30 | <a href=\"https:\/\/museudoporto.pt\/estacao\/casa-do-infante\/\">Casa do Infante<\/a><\/strong><\/p>\n<p>VISITA LIVRE \u00c0 CASA DO INFANTE<\/p>\n<p>&nbsp;<\/p>\n<p>Constru\u00edda em 1325, a Casa do Infante \u00e9 assim designada por a\u00ed ter presumidamente nascido Henrique, o Navegador. O monumento nacional foi a antiga Alf\u00e2ndega da cidade e Casa da Moeda.<\/p>\n<p>Durante a visita observam-se ainda vest\u00edgios de ocupa\u00e7\u00e3o romana, dos s\u00e9culos IV e V com pavimentos de mosaico.<\/p>\n<p>&nbsp;<\/p>\n<p>&nbsp;<\/p>\n<p><strong>10H\u201417H30 | <a href=\"https:\/\/museudoporto.pt\/estacao\/casa-do-infante\/\">Casa do Infante<\/a><\/strong><\/p>\n<p>PEDIPAPER \u2014 PELO MUSEU NUNCA DANTES EXPLORADO<\/p>\n<p>&nbsp;<\/p>\n<p>Explorando o museu com olhos de detetive, os participantes s\u00e3o convidados a aceitar o desafio de seguir uma rota pela sua cole\u00e7\u00e3o, a encontrar pistas e a resolver enigmas com o objetivo de descobrir os vest\u00edgios e as marcas do tempo que foram deixadas neste edif\u00edcio.<\/p>\n<p>&nbsp;<\/p>\n<p><strong>Destinat\u00e1rios:<\/strong> Fam\u00edlias<\/p>\n<p>&nbsp;<\/p>\n<p>&nbsp;<\/p>\n<p><strong>11H | <a href=\"https:\/\/museudoporto.pt\/en\/estacao\/arqueossitio-2\/\">Arqueoss\u00edtio<\/a><\/strong><\/p>\n<p>OFICINAS PARA FAM\u00cdLIAS \u2014 LA\u00c7OS, TRAN\u00c7AS E OUTROS ENTRELA\u00c7ADOS<\/p>\n<p>Com Maria Jo\u00e3o Gon\u00e7alves e S\u00e9rgio Gomes<\/p>\n<p>&nbsp;<\/p>\n<p>Vamos experimentar o ancestral e m\u00e1gico mundo da fia\u00e7\u00e3o, tecelagem e cordoaria nesta oficina para toda a fam\u00edlia! Aprenderemos a dar n\u00f3s, tran\u00e7ar e entrela\u00e7ar fios para criar pe\u00e7as \u00fanicas, ao mesmo tempo que descobrimos a hist\u00f3ria e a import\u00e2ncia destes saberes ancestrais em diferentes culturas.<\/p>\n<p>&nbsp;<\/p>\n<p><strong>Inscri\u00e7\u00f5es<\/strong> atrav\u00e9s do <a href=\"https:\/\/questionarios.cm-porto.pt\/index.php\/566399?lang=pt\">formul\u00e1rio<\/a>. Limite de 15 participantes.<\/p>\n<p>&nbsp;<\/p>\n<p>&nbsp;<\/p>\n<p><strong>11H | <a href=\"https:\/\/museudoporto.pt\/estacao\/casa-do-infante\/\">Casa do Infante<\/a><\/strong><\/p>\n<p>VISITA ORIENTADA \u2014 O INFANTE D. HENRIQUE E OS NOVOS MUNDOS<\/p>\n<p>Com Equipa do Museu do Porto<\/p>\n<p>&nbsp;<\/p>\n<p>Visita did\u00e1tica, com olhares sobre a Expans\u00e3o Portuguesa, a figura do Infante, as rotas mar\u00edtimas estabelecidas e as conex\u00f5es que promoveram o encontro de culturas. Ser\u00e1 feito um apelo aos sentidos dos participantes, com recurso diferentes materiais.<\/p>\n<p>&nbsp;<\/p>\n<p><strong>Inscri\u00e7\u00f5es<\/strong> atrav\u00e9s do <a href=\"https:\/\/questionarios.cm-porto.pt\/index.php\/973391?lang=pt\">formul\u00e1rio<\/a>. Limite de 25 participantes.<\/p>\n<p>&nbsp;<\/p>\n<p>&nbsp;<\/p>\n<p><strong>11H \/ 15H | <a href=\"https:\/\/museudoporto.pt\/en\/estacao\/antiga-casa-da-camara\/\">Antiga Casa da C\u00e2mara<\/a><\/strong><\/p>\n<p>DERIVA #38 \u2014 DO PA\u00c7O DA ROLA\u00c7\u00c3O AO PROJETO DO ARQUITETO FERNANDO T\u00c1VORA<\/p>\n<p>Com Ant\u00f3nio Almeida<\/p>\n<p>&nbsp;<\/p>\n<p>Em meados de 1350, a organiza\u00e7\u00e3o municipal mandou construir um pa\u00e7o em pedra, assente na primitiva muralha da cidade. Esta prestigiante torre ameada \u00e9 hoje uma recria\u00e7\u00e3o contempor\u00e2nea do arquiteto Fernando T\u00e1vora (1996-2002), que envolveu parte das ru\u00ednas medievais e fez nascer um amplo lado em vidro, uma interface para a cidade.<\/p>\n<p>&nbsp;<\/p>\n<p><strong>Entrada gratuita<\/strong>. Limite de 20 participantes por sess\u00e3o.<\/p>\n<p>&nbsp;<\/p>\n<p>&nbsp;<\/p>\n<p><strong>14H30 | <a href=\"https:\/\/museudoporto.pt\/estacao\/casa-do-infante\/\">Casa do Infante<\/a><\/strong><\/p>\n<p>DERIVA #40 \u2014 CAMINHOS MEDIEVAIS PARA SANTIAGO NO PORTO<\/p>\n<p>Com Manuel Ara\u00fajo<\/p>\n<p>&nbsp;<\/p>\n<p>Os participantes s\u00e3o desafiados a imaginarem a cidade sem ruas largas e a circularem pelas estreitas e escuras cal\u00e7adas que levavam os peregrinos da Ribeira at\u00e9 \u00e0 S\u00e9 e, dali, at\u00e9 ao outro lado do velho burgo, o Campo do Olival, de onde seguiam para Santiago.<\/p>\n<p>&nbsp;<\/p>\n<p><strong>Inscri\u00e7\u00f5es<\/strong> atrav\u00e9s do <a href=\"https:\/\/questionarios.cm-porto.pt\/index.php\/382311?lang=pt\">formul\u00e1rio<\/a>. Limite de 25 participantes.<\/p>\n<p>&nbsp;<\/p>\n<p>&nbsp;<\/p>\n<p><strong>15H | <a href=\"https:\/\/museudoporto.pt\/en\/estacao\/arqueossitio-2\/\">Arqueoss\u00edtio<\/a><\/strong><\/p>\n<p>OFICINAS PARA FAM\u00cdLIAS \u2014 \u00c0 DESCOBERTA DAS ROTAS COMERCIAIS DO PORTO<\/p>\n<p>Com Carla Stockler e S\u00e9rgio Gomes<\/p>\n<p>&nbsp;<\/p>\n<p>No Arqueoss\u00edtio, foram descobertos artefactos provenientes de long\u00ednquas paragens e v\u00e1rias \u00e9pocas hist\u00f3ricas. Nesta oficina, vamos ficar a conhecer como eram produzidos, trocados e usados estes objetos a partir de um conjunto de atividades l\u00fadicas: modelagem, pintura e jogo de tabuleiro. No final, cada participante levar\u00e1 consigo diferentes hist\u00f3rias para contar e um singular artefacto feito por si.<\/p>\n<p>&nbsp;<\/p>\n<p><strong>Inscri\u00e7\u00f5es<\/strong> atrav\u00e9s do formul\u00e1rio. Limite de 15 participantes.<\/p>\n<p>&nbsp;<\/p>\n<p>&nbsp;<\/p>\n<h2>ENDERE\u00c7OS<\/h2>\n<p>&nbsp;<\/p>\n<p><strong>CASA DO INFANTE<\/strong><\/p>\n<p>Rua da Alf\u00e2ndega, 10<br \/>\n4050-029 Porto<\/p>\n<p>&nbsp;<\/p>\n<p><strong>ANTIGA CASA DA C\u00c2MARA<\/strong><\/p>\n<p>Rua de S\u00e3o Sebasti\u00e3o, s\/n<br \/>\n4000-013 Porto<\/p>\n<p>&nbsp;<\/p>\n<p><strong>ARQUEOSS\u00cdTIO<\/strong><\/p>\n<p>Rua de D. Hugo, 5<br \/>\n4050-305 Porto<\/p>\n<p>&nbsp;<\/p>\n<p><strong>RESERVAT\u00d3RIO<\/strong><\/p>\n<p>Parque da Pasteleira (Entrada Poente)<br \/>\nRua de Gomes Eanes de Azurara, s\/n<br \/>\n4150-362 Porto<\/p>\n<p>&nbsp;<\/p>\n<p><strong>BIBLIOTECA DE AUTORES PORTUENSES<\/strong><\/p>\n<p>Escola Secund\u00e1ria Alexandre Herculano<br \/>\nAvenida Camilo<br \/>\n4300-096 Porto<\/p>\n<p>&nbsp;<\/p>\n"}],"previous_link":{"label":"","link":""},"next_link":{"label":"","link":""}},"_links":{"self":[{"href":"https:\/\/museudoporto.pt\/en\/wp-json\/wp\/v2\/resource\/16950","targetHints":{"allow":["GET"]}}],"collection":[{"href":"https:\/\/museudoporto.pt\/en\/wp-json\/wp\/v2\/resource"}],"about":[{"href":"https:\/\/museudoporto.pt\/en\/wp-json\/wp\/v2\/types\/resource"}],"wp:featuredmedia":[{"embeddable":true,"href":"https:\/\/museudoporto.pt\/en\/wp-json\/wp\/v2\/media\/17125"}],"wp:attachment":[{"href":"https:\/\/museudoporto.pt\/en\/wp-json\/wp\/v2\/media?parent=16950"}],"wp:term":[{"taxonomy":"resource_category","embeddable":true,"href":"https:\/\/museudoporto.pt\/en\/wp-json\/wp\/v2\/resource_category?post=16950"}],"curies":[{"name":"wp","href":"https:\/\/api.w.org\/{rel}","templated":true}]}}