{"id":17951,"date":"2025-01-20T13:17:29","date_gmt":"2025-01-20T13:17:29","guid":{"rendered":"https:\/\/museudoporto.pt\/?post_type=resource&#038;p=17951"},"modified":"2025-01-27T17:15:17","modified_gmt":"2025-01-27T17:15:17","slug":"ciclo-de-cinema-e-oficinas-sessao-de-cinema-revolucao-ja-na-escola","status":"publish","type":"resource","link":"https:\/\/museudoporto.pt\/en\/recurso\/ciclo-de-cinema-e-oficinas-sessao-de-cinema-revolucao-ja-na-escola\/","title":{"rendered":"CICLO DE CINEMA E OFICINAS \u2014 \u00abREVOLU\u00c7\u00c3O, J\u00c1!\u00bb NA ESCOLA"},"content":{"rendered":"","protected":false},"featured_media":17952,"template":"","resource_category":[20],"class_list":["post-17951","resource","type-resource","status-publish","has-post-thumbnail","hentry","resource_category-atividades"],"acf":{"breadcrumb":false,"file":false,"content":[{"acf_fc_layout":"event","display_title":"CICLO DE CINEMA E OFICINAS \u2014 \u00abREVOLU\u00c7\u00c3O, J\u00c1!\u00bb NA ESCOLA","subtitle":"<p>Com Anilupa<\/p>\n","date":{"show_time":true,"type":"range","date":null,"start_date":"01\/02\/2025 15:00","end_date":"01\/02\/2025 18:00"},"sessions":null,"location":{"type":"other","station":false,"location":"BIBLIOTECA MUNICIPAL ALMEIDA GARRETT"},"media":{"type":false,"image":{"ID":17953,"id":17953,"title":"Os chap\u00e9us de Pessoa","filename":"Os-chapeus-de-Pessoa.jpg","filesize":105931,"url":"https:\/\/museudoporto.pt\/wp-content\/uploads\/2025\/01\/Os-chapeus-de-Pessoa.jpg","link":"https:\/\/museudoporto.pt\/en\/os-chapeus-de-pessoa-2\/","alt":"","author":"17","description":"","caption":"","name":"os-chapeus-de-pessoa-2","status":"inherit","uploaded_to":0,"date":"2025-01-20 13:16:56","modified":"2025-01-20 13:17:05","menu_order":0,"mime_type":"image\/jpeg","type":"image","subtype":"jpeg","icon":"https:\/\/museudoporto.pt\/wp-includes\/images\/media\/default.png","width":1056,"height":704,"sizes":{"thumbnail":"https:\/\/museudoporto.pt\/wp-content\/uploads\/2025\/01\/Os-chapeus-de-Pessoa-150x150.jpg","thumbnail-width":150,"thumbnail-height":150,"medium":"https:\/\/museudoporto.pt\/wp-content\/uploads\/2025\/01\/Os-chapeus-de-Pessoa-300x200.jpg","medium-width":300,"medium-height":200,"medium_large":"https:\/\/museudoporto.pt\/wp-content\/uploads\/2025\/01\/Os-chapeus-de-Pessoa-768x512.jpg","medium_large-width":640,"medium_large-height":427,"large":"https:\/\/museudoporto.pt\/wp-content\/uploads\/2025\/01\/Os-chapeus-de-Pessoa-1024x683.jpg","large-width":640,"large-height":427,"ufg_200_200":"https:\/\/museudoporto.pt\/wp-content\/uploads\/2025\/01\/Os-chapeus-de-Pessoa.jpg","ufg_200_200-width":200,"ufg_200_200-height":133,"ufg_300_300":"https:\/\/museudoporto.pt\/wp-content\/uploads\/2025\/01\/Os-chapeus-de-Pessoa.jpg","ufg_300_300-width":300,"ufg_300_300-height":200,"ufg_400_400":"https:\/\/museudoporto.pt\/wp-content\/uploads\/2025\/01\/Os-chapeus-de-Pessoa.jpg","ufg_400_400-width":400,"ufg_400_400-height":267,"1536x1536":"https:\/\/museudoporto.pt\/wp-content\/uploads\/2025\/01\/Os-chapeus-de-Pessoa.jpg","1536x1536-width":1056,"1536x1536-height":704,"2048x2048":"https:\/\/museudoporto.pt\/wp-content\/uploads\/2025\/01\/Os-chapeus-de-Pessoa.jpg","2048x2048-width":1056,"2048x2048-height":704}},"gallery":false},"excerpt":"<p>Este ciclo \u00e9 dedicado a filmes em t\u00e9cnica animada realizados por crian\u00e7as, jovens e adultos das oficinas do Anilupa. S\u00e3o filmes que espelham os seus pensamentos, a sua liberdade de express\u00e3o, a sua consci\u00eancia social, os seus olhares sobre o mundo e sobre o passado portugu\u00eas. No final os participantes inscritos nas oficinas ter\u00e3o a oportunidade de desconstruir um filme visualizado na sess\u00e3o de cinema, atrav\u00e9s de atividades pr\u00e1ticas, realizadas em torno da cria\u00e7\u00e3o de objetos art\u00edsticos inspirados nos conte\u00fados de um filme e da experimenta\u00e7\u00e3o de t\u00e9cnicas animadas.<\/p>\n","content":"<p>Este ciclo \u00e9 dedicado a filmes em t\u00e9cnica animada realizados por crian\u00e7as, jovens e adultos das oficinas do Anilupa. S\u00e3o filmes que espelham os seus pensamentos, a sua liberdade de express\u00e3o, a sua consci\u00eancia social, os seus olhares sobre o mundo e sobre o passado portugu\u00eas. No final os participantes inscritos nas oficinas ter\u00e3o a oportunidade de desconstruir um filme visualizado na sess\u00e3o de cinema, atrav\u00e9s de atividades pr\u00e1ticas, realizadas em torno da cria\u00e7\u00e3o de objetos art\u00edsticos inspirados nos conte\u00fados de um filme e da experimenta\u00e7\u00e3o de t\u00e9cnicas animadas.<\/p>\n<p>A primeira sess\u00e3o de filmes \u00e9 aberta ao p\u00fablico em geral e a segunda \u00e9 destinada aos participantes inscritos na oficina, que ter\u00e3o a oportunidade de desconstruir um filme visualizado na sess\u00e3o de cinema, atrav\u00e9s de uma atividade pl\u00e1stica de cria\u00e7\u00e3o de um objeto art\u00edstico.<\/p>\n<p>&nbsp;<\/p>\n<p><strong>PROGRAMA<\/strong><\/p>\n<p><strong>S\u00c1B 1 FEV<\/strong><\/p>\n<p>SESS\u00c3O DE CINEMA \u2014 \u00abREVOLU\u00c7\u00c3O, J\u00c1!\u00bb NA ESCOLA | 15H\u201415H40<br \/>\nEntrada livre sujeita \u00e0 lota\u00e7\u00e3o do espa\u00e7o \/ 186 participantes<br \/>\nMaiores de 7 anos<\/p>\n<p>Iniciando com um filme que retrata o ensino no tempo do Estado Novo, seguido de um conjunto de obras, realizadas no contexto atual escolar, esta sess\u00e3o aborda diversas pr\u00e1ticas educativas que s\u00f3 s\u00e3o poss\u00edveis nos tempos de hoje.<\/p>\n<p>A ESCOLA DE OUTROS TEMPOS (2015)<br \/>\nSinopse: Este filme conta como era a escola p\u00fablica no tempo do Estado Novo.<br \/>\nDura\u00e7\u00e3o: 12\u201912\u2019\u2019<\/p>\n<p>OS CHAP\u00c9US DE PESSOA (2018)<br \/>\nSinopse: Inspirado no universo po\u00e9tico de Fernando Pessoa, um dos mais importantes poetas portugueses, os alunos escreveram poemas originais levados pela liberdade de escrita.<br \/>\nDura\u00e7\u00e3o: 10\u00b405\u2019\u2019<\/p>\n<p>L LHOBO QUE BIENO DE SPANHA (2017)<br \/>\nSinopse: Este filme \u00e9 uma adapta\u00e7\u00e3o de um conto oral mirand\u00eas, realizada no \u00e2mbito da disciplina de mirand\u00eas na EB de Sendim. Conta a hist\u00f3ria de um lobo cheio de fome que n\u00e3o se contentava com pouco, no entanto, a sua gan\u00e2ncia revela-se na sua maior fraqueza ao longo da sua viagem.<br \/>\nDura\u00e7\u00e3o: 8\u00b457\u2019\u2019<\/p>\n<p>AS CULTURAS QUE VEM DE LONGE (2019)<br \/>\nSinopse: Este filme resulta de hist\u00f3rias tradicionais contadas por pessoas de v\u00e1rias nacionalidades, pertencentes \u00e0 Comunidade de S\u00e3o Cirilo. Este filme expressa tamb\u00e9m o desejo de conviv\u00eancia e de conhecimento entre os povos e nos valores da interculturalidade.<br \/>\nDura\u00e7\u00e3o: 7\u2019 20\u2019\u2019<\/p>\n<p>ESTOU A SONHAR O QUE TU PENSAS (2024)<br \/>\nSinopse: Este filme resulta da explora\u00e7\u00e3o art\u00edstica das crian\u00e7as, influenciada pelo contacto com o Dada\u00edsmo e a Arte Bruta. Uma mistura de constru\u00e7\u00f5es po\u00e9ticas aleat\u00f3rias, irracionais e rebeldes, intensificada pelo movimento das linhas, formas e elementos figurativos.<br \/>\nDura\u00e7\u00e3o: 6\u00b4 29\u2019\u2019<\/p>\n<p>Trabalhos realizados no \u00e2mbito do programa Porto de Crian\u00e7as do Munic\u00edpio do Porto em parceria com o Museu escolar de Marrazes de Leiria; e do programa de apoio \u00e0 realiza\u00e7\u00e3o de a\u00e7\u00f5es de forma\u00e7\u00e3o destinadas ao p\u00fablico infantil e juvenil do ICA \/ Minist\u00e9rio da Cultura. Realiza\u00e7\u00e3o: Escola B\u00e1sica de Fern\u00e3o Magalh\u00e3es; Agrupamento de Escolas Irm\u00e3os Passos; Escola B\u00e1sica de Sendim; Escola B\u00e1sica da Corujeira.<\/p>\n<p>&nbsp;<\/p>\n<p>OFICINA \u2014 CRIAR POEMAS E COLAGENS | 15H\u201418H<br \/>\nEntrada gratuita \/ 20 participantes<br \/>\nInscri\u00e7\u00e3o atrav\u00e9s de formul\u00e1rio em museudoporto.pt ou bmp.cm-porto.pt<br \/>\nDos 7 aos 12 anos (obrigat\u00f3rio ter visto a sess\u00e3o de cinema)<br \/>\nNesta oficina, inspirada no processo criativo do filme \u201cEstou a sonhar o que tu pensas\u201d, os participantes ser\u00e3o desafiados a sentir os efeitos do inesperado, do aleat\u00f3rio e do subconsciente atrav\u00e9s da cria\u00e7\u00e3o de poemas e colagens, seguindo as tend\u00eancias rebeldes e provocat\u00f3rias do Dada\u00edsmo, um dos movimentos que comp\u00f4s as Vanguardas Art\u00edsticas Europeias.<\/p>\n<p>&nbsp;<\/p>\n<p>&nbsp;<\/p>\n<h2>ENTRADA<\/h2>\n<div>\n<p>Cinema: entrada livre sujeita \u00e0 lota\u00e7\u00e3o do espa\u00e7o \/ 186 participantes<\/p>\n<p>Oficina: inscri\u00e7\u00e3o atrav\u00e9s de <a href=\"https:\/\/bmp.cm-porto.pt\/inscricao_CicloCinema_Oficinas\">formul\u00e1rio<\/a> em <a href=\"http:\/\/museudoporto.pt\">museudoporto.pt<\/a> ou <a href=\"http:\/\/bmp.cm-porto.pt\">bmp.cm-porto.pt<\/a><\/p>\n<\/div>\n<h2>DESTINAT\u00c1RIOS<\/h2>\n<div>\n<p>Cinema: maiores de 6 anos<\/p>\n<p>Oficina: dos 7 aos 12 anos<\/p>\n<\/div>\n<h2>ENDERE\u00c7O<\/h2>\n<p>Jardins do Pal\u00e1cio de Cristal<br \/>\nRua de Dom Manuel II<br \/>\n4050-239 Porto<\/p>\n<h2>AUTOCARRO<\/h2>\n<p>1M, 200, 201, 207, 208, 302, 303, 501, 507, 601, ZM, 12M, 13M<br \/>\nCircular Massarelos \u2013 Carmo<\/p>\n<h2>ESTACIONAMENTO<\/h2>\n<p>Pal\u00e1cio de Cristal<\/p>\n"}],"previous_link":{"label":"","link":"https:\/\/museudoporto.pt\/en\/recurso\/ciclo-de-cinema-e-oficinas-sessao-de-cinema-revolucao-ja-nos-territorios\/"},"next_link":{"label":"","link":"https:\/\/museudoporto.pt\/en\/recurso\/ciclo-de-cinema-e-oficinas-sessao-de-cinema-revolucao-ja-na-comunidade\/"},"ambient_sound":false},"_links":{"self":[{"href":"https:\/\/museudoporto.pt\/en\/wp-json\/wp\/v2\/resource\/17951","targetHints":{"allow":["GET"]}}],"collection":[{"href":"https:\/\/museudoporto.pt\/en\/wp-json\/wp\/v2\/resource"}],"about":[{"href":"https:\/\/museudoporto.pt\/en\/wp-json\/wp\/v2\/types\/resource"}],"wp:featuredmedia":[{"embeddable":true,"href":"https:\/\/museudoporto.pt\/en\/wp-json\/wp\/v2\/media\/17952"}],"wp:attachment":[{"href":"https:\/\/museudoporto.pt\/en\/wp-json\/wp\/v2\/media?parent=17951"}],"wp:term":[{"taxonomy":"resource_category","embeddable":true,"href":"https:\/\/museudoporto.pt\/en\/wp-json\/wp\/v2\/resource_category?post=17951"}],"curies":[{"name":"wp","href":"https:\/\/api.w.org\/{rel}","templated":true}]}}