{"id":19442,"date":"2025-05-12T15:59:27","date_gmt":"2025-05-12T14:59:27","guid":{"rendered":"https:\/\/museudoporto.pt\/?post_type=resource&#038;p=19442"},"modified":"2025-06-06T11:14:29","modified_gmt":"2025-06-06T10:14:29","slug":"deriva-50-reservatorio-uma-campanha-alegre-2","status":"publish","type":"resource","link":"https:\/\/museudoporto.pt\/en\/recurso\/deriva-50-reservatorio-uma-campanha-alegre-2\/","title":{"rendered":"DERIVA #50 \u2014 RESERVAT\u00d3RIO: UMA CAMPANHA ALEGRE"},"content":{"rendered":"","protected":false},"featured_media":19371,"template":"","resource_category":[20],"class_list":["post-19442","resource","type-resource","status-publish","has-post-thumbnail","hentry","resource_category-atividades"],"acf":{"breadcrumb":false,"file":false,"content":[{"acf_fc_layout":"event","display_title":"DERIVA #50 \u2014 RESERVAT\u00d3RIO: UMA CAMPANHA ALEGRE","subtitle":"<p><span data-olk-copy-source=\"MessageBody\">Com M\u00e1rio Mesquita e Alberto Rocha<br \/>\n<\/span><\/p>\n","date":{"show_time":true,"type":"range","date":null,"start_date":"08\/06\/2025 14:30","end_date":"08\/06\/2025 16:30"},"sessions":null,"location":{"type":"other","station":false,"location":"Ponto de encontro: ENTRADA SUL DO PARQUE DA PASTELEIRA | Fim: RESERVAT\u00d3RIO"},"media":{"type":false,"image":{"ID":19372,"id":19372,"title":"deriva_6","filename":"deriva_6-scaled.jpg","filesize":663347,"url":"https:\/\/museudoporto.pt\/wp-content\/uploads\/2025\/05\/deriva_6-scaled.jpg","link":"https:\/\/museudoporto.pt\/en\/deriva_6-2\/","alt":"","author":"11","description":"","caption":"","name":"deriva_6-2","status":"inherit","uploaded_to":0,"date":"2025-05-08 13:41:05","modified":"2025-06-06 10:14:21","menu_order":0,"mime_type":"image\/jpeg","type":"image","subtype":"jpeg","icon":"https:\/\/museudoporto.pt\/wp-includes\/images\/media\/default.png","width":2560,"height":1374,"sizes":{"thumbnail":"https:\/\/museudoporto.pt\/wp-content\/uploads\/2025\/05\/deriva_6-150x150.jpg","thumbnail-width":150,"thumbnail-height":150,"medium":"https:\/\/museudoporto.pt\/wp-content\/uploads\/2025\/05\/deriva_6-300x161.jpg","medium-width":300,"medium-height":161,"medium_large":"https:\/\/museudoporto.pt\/wp-content\/uploads\/2025\/05\/deriva_6-768x412.jpg","medium_large-width":640,"medium_large-height":343,"large":"https:\/\/museudoporto.pt\/wp-content\/uploads\/2025\/05\/deriva_6-1024x550.jpg","large-width":640,"large-height":344,"ufg_200_200":"https:\/\/museudoporto.pt\/wp-content\/uploads\/2025\/05\/deriva_6-200x200.jpg","ufg_200_200-width":200,"ufg_200_200-height":200,"ufg_300_300":"https:\/\/museudoporto.pt\/wp-content\/uploads\/2025\/05\/deriva_6-300x300.jpg","ufg_300_300-width":300,"ufg_300_300-height":300,"ufg_400_400":"https:\/\/museudoporto.pt\/wp-content\/uploads\/2025\/05\/deriva_6-400x400.jpg","ufg_400_400-width":400,"ufg_400_400-height":400,"1536x1536":"https:\/\/museudoporto.pt\/wp-content\/uploads\/2025\/05\/deriva_6-1536x825.jpg","1536x1536-width":1536,"1536x1536-height":825,"2048x2048":"https:\/\/museudoporto.pt\/wp-content\/uploads\/2025\/05\/deriva_6-2048x1099.jpg","2048x2048-width":2048,"2048x2048-height":1099}},"gallery":false},"excerpt":"<p>O Reservat\u00f3rio da Pasteleira foi constru\u00eddo em 1886. Situado na zona ocidental do Porto, integrava o plano de instala\u00e7\u00f5es projetado pela <em>Compagnie Generale des Eaux<\/em> para criar o abastecimento de \u00e1gua \u00e0 cidade. Era o ponto mais extremo dessa rede e possibilitou a distribui\u00e7\u00e3o de \u00e1gua \u00e0 Foz e, posteriormente, a liga\u00e7\u00e3o a Matosinhos. Esta viagem no tempo e no espa\u00e7o, tendo como tema a \u00e1gua, para al\u00e9m de falar do edif\u00edcio, pretende abordar os movimentos pendulares que se desenrolavam \u00e0 \u00e9poca entre o centro urbano e o mar e que passavam na envolvente do Reservat\u00f3rio.<\/p>\n<p>Nesta sess\u00e3o, junta-se ao elemento \u00e1gua a sinergia do yoga e a fluidez de movimentos corporais, num momento final em exerc\u00edcio coletivo.<\/p>\n<p>&nbsp;<\/p>\n","content":"<p>O Reservat\u00f3rio da Pasteleira foi constru\u00eddo em 1886. Situado na zona ocidental do Porto, integrava o plano de instala\u00e7\u00f5es projetado pela <em>Compagnie Generale des Eaux<\/em> para criar o abastecimento de \u00e1gua \u00e0 cidade. Era o ponto mais extremo dessa rede e possibilitou a distribui\u00e7\u00e3o de \u00e1gua \u00e0 Foz e, posteriormente, a liga\u00e7\u00e3o a Matosinhos. Esta viagem no tempo e no espa\u00e7o, tendo como tema a \u00e1gua, para al\u00e9m de falar do edif\u00edcio, pretende abordar os movimentos pendulares que se desenrolavam \u00e0 \u00e9poca entre o centro urbano e o mar e que passavam na envolvente do Reservat\u00f3rio.<\/p>\n<p>Na sess\u00e3o de dia 8, junta-se ao elemento \u00e1gua a sinergia do yoga e a fluidez de movimentos corporais, num momento final em exerc\u00edcio coletivo.<\/p>\n<p>&nbsp;<\/p>\n<p><strong>Recomenda\u00e7\u00f5es:<\/strong><\/p>\n<p>&#8211; Cal\u00e7ado confort\u00e1vel<\/p>\n<p>&#8211; Garrafa de \u00e1gua<\/p>\n<p>&#8211; Roupa adequada \u00e0s condi\u00e7\u00f5es clim\u00e1ticas, dado que o percurso se realizar\u00e1 em caso de chuva moderada<\/p>\n<p>&nbsp;<\/p>\n<p><strong>M\u00e1rio Mesquita<\/strong> (Porto, 1971) \u00e9 Arquiteto, Investigador e Artista. PhD em Arquitetura, Mestre em Planeamento e Projeto do Ambiente Urbano. Professor Auxiliar na Faculdade de Arquitetura da Universidade do Porto, lecionando \u201cProjeto 5\u201d e \u201cPorto: Territ\u00f3rios e Redes da Invisibilidade\u201d; Coordenador da Comunidade de Inova\u00e7\u00e3o Pedag\u00f3gica da UP, \u201cPorto: Territ\u00f3rios e Redes da Invisibilidade\u201d; Investigador Integrado no i2ADS e Investigador Colaborador no CITCEM; Foi investigador Principal na \u00c1guas e Energia do Porto, dirigindo o seu Plano Diretor do Patrim\u00f3nio e respons\u00e1vel cient\u00edfico e t\u00e9cnico da plataforma de Informa\u00e7\u00e3o e Interpreta\u00e7\u00e3o do Patrim\u00f3nio, Parque das \u00c1guas e do Parque Patrimonial das \u00c1guas \u2013 UNESCO\/WAMU-NET.<\/p>\n<p>Tem obra p\u00fablica nas \u00e1reas da Arquitetura, Urban\u00edstica, Design, Artes Pl\u00e1sticas e Artes do Espet\u00e1culo, publica\u00e7\u00f5es e interven\u00e7\u00f5es em congressos, col\u00f3quios e outros eventos art\u00edstico-cient\u00edficos nestas \u00e1reas desde 1995.<\/p>\n<p>&nbsp;<\/p>\n<p><strong>Alberto Rocha <\/strong>(Perosinho, 1954) \u00e9 professor de yoga desde 2007, pela Associa\u00e7\u00e3o de Yoga Integral de Portugal. Diretor do Centro \u201cJardim do Yoga\u201d, em Campanh\u00e3. Na sequ\u00eancia do projeto URBiNAT organiza caminhadas com yoga em Campanh\u00e3 e colabora com a \u00c1gora nas aulas de yoga no Parque Oriental.<\/p>\n<p>&nbsp;<\/p>\n<p>&nbsp;<\/p>\n<p><span data-olk-copy-source=\"MessageBody\">Atividade n\u00e3o coberta por seguro de acidentes pessoais.<\/span><\/p>\n<p>&nbsp;<\/p>\n<div class=\"x_elementToProof\">Em caso de cancelamento, a informa\u00e7\u00e3o ser\u00e1 publicada no site do Museu do Porto, na v\u00e9spera da data prevista de realiza\u00e7\u00e3o da atividade.<\/div>\n<div class=\"x_elementToProof\"><\/div>\n<p>&nbsp;<\/p>\n<h2>INSCRI\u00c7\u00d5ES<\/h2>\n<p>Atividade gratuita no \u00e2mbito do Dia do Vizinho, mediante inscri\u00e7\u00e3o atrav\u00e9s do <a href=\"https:\/\/questionarios.cm-porto.pt\/index.php\/448134?lang=pt\">formul\u00e1rio<\/a>.<\/p>\n<p>&nbsp;<\/p>\n"}],"previous_link":{"label":"DERIVA #49 \u2014 A PASSO PELA AZULEJARIA DO PORTO: ARTE, HIST\u00d3RIA E ARQUITETURA","link":"https:\/\/museudoporto.pt\/en\/recurso\/deriva-49-a-passo-pela-azulejaria-do-porto-arte-historia-e-arquitetura\/"},"next_link":{"label":"","link":"https:\/\/museudoporto.pt"},"ambient_sound":false},"_links":{"self":[{"href":"https:\/\/museudoporto.pt\/en\/wp-json\/wp\/v2\/resource\/19442","targetHints":{"allow":["GET"]}}],"collection":[{"href":"https:\/\/museudoporto.pt\/en\/wp-json\/wp\/v2\/resource"}],"about":[{"href":"https:\/\/museudoporto.pt\/en\/wp-json\/wp\/v2\/types\/resource"}],"wp:featuredmedia":[{"embeddable":true,"href":"https:\/\/museudoporto.pt\/en\/wp-json\/wp\/v2\/media\/19371"}],"wp:attachment":[{"href":"https:\/\/museudoporto.pt\/en\/wp-json\/wp\/v2\/media?parent=19442"}],"wp:term":[{"taxonomy":"resource_category","embeddable":true,"href":"https:\/\/museudoporto.pt\/en\/wp-json\/wp\/v2\/resource_category?post=19442"}],"curies":[{"name":"wp","href":"https:\/\/api.w.org\/{rel}","templated":true}]}}