{"id":19757,"date":"2025-06-04T18:20:53","date_gmt":"2025-06-04T17:20:53","guid":{"rendered":"https:\/\/museudoporto.pt\/?post_type=resource&#038;p=19757"},"modified":"2025-08-07T10:27:01","modified_gmt":"2025-08-07T09:27:01","slug":"deriva-51-a-ultima-judiaria-do-porto-2","status":"publish","type":"resource","link":"https:\/\/museudoporto.pt\/en\/recurso\/deriva-51-a-ultima-judiaria-do-porto-2\/","title":{"rendered":"DERIVA #52 \u2014 A \u00daLTIMA JUDIARIA DO PORTO #2"},"content":{"rendered":"","protected":false},"featured_media":19755,"template":"","resource_category":[20],"class_list":["post-19757","resource","type-resource","status-publish","has-post-thumbnail","hentry","resource_category-atividades"],"acf":{"breadcrumb":false,"file":false,"content":[{"acf_fc_layout":"event","display_title":"DERIVA #51 \u2014 A \u00daLTIMA JUDIARIA DO PORTO","subtitle":"<p>Com Manuel de Sampayo Pimentel Azevedo Gra\u00e7a<\/p>\n","date":{"show_time":true,"type":"range","date":null,"start_date":"05\/07\/2025 14:30","end_date":"05\/07\/2025 16:30"},"sessions":null,"location":{"type":"other","station":false,"location":"Ponto de encontro e fim: LARGO DO AMOR DE PERDI\u00c7\u00c3O"},"media":{"type":false,"image":{"ID":19756,"id":19756,"title":"deriva_julho","filename":"deriva_julho-scaled.jpg","filesize":373948,"url":"https:\/\/museudoporto.pt\/wp-content\/uploads\/2025\/06\/deriva_julho-scaled.jpg","link":"https:\/\/museudoporto.pt\/en\/deriva_julho-2\/","alt":"","author":"11","description":"","caption":"","name":"deriva_julho-2","status":"inherit","uploaded_to":0,"date":"2025-06-04 17:16:00","modified":"2025-06-04 17:16:51","menu_order":0,"mime_type":"image\/jpeg","type":"image","subtype":"jpeg","icon":"https:\/\/museudoporto.pt\/wp-includes\/images\/media\/default.png","width":1872,"height":2560,"sizes":{"thumbnail":"https:\/\/museudoporto.pt\/wp-content\/uploads\/2025\/06\/deriva_julho-150x150.jpg","thumbnail-width":150,"thumbnail-height":150,"medium":"https:\/\/museudoporto.pt\/wp-content\/uploads\/2025\/06\/deriva_julho-219x300.jpg","medium-width":219,"medium-height":300,"medium_large":"https:\/\/museudoporto.pt\/wp-content\/uploads\/2025\/06\/deriva_julho-768x1050.jpg","medium_large-width":640,"medium_large-height":875,"large":"https:\/\/museudoporto.pt\/wp-content\/uploads\/2025\/06\/deriva_julho-749x1024.jpg","large-width":640,"large-height":875,"ufg_200_200":"https:\/\/museudoporto.pt\/wp-content\/uploads\/2025\/06\/deriva_julho-200x200.jpg","ufg_200_200-width":200,"ufg_200_200-height":200,"ufg_300_300":"https:\/\/museudoporto.pt\/wp-content\/uploads\/2025\/06\/deriva_julho-300x300.jpg","ufg_300_300-width":300,"ufg_300_300-height":300,"ufg_400_400":"https:\/\/museudoporto.pt\/wp-content\/uploads\/2025\/06\/deriva_julho-400x400.jpg","ufg_400_400-width":400,"ufg_400_400-height":400,"1536x1536":"https:\/\/museudoporto.pt\/wp-content\/uploads\/2025\/06\/deriva_julho-1123x1536.jpg","1536x1536-width":1123,"1536x1536-height":1536,"2048x2048":"https:\/\/museudoporto.pt\/wp-content\/uploads\/2025\/06\/deriva_julho-1498x2048.jpg","2048x2048-width":1498,"2048x2048-height":2048}},"gallery":false},"excerpt":"<p>Em tempos medievais, a comunidade judaica do Porto foi sendo alojada em diversos locais, desde a S\u00e9 a S\u00e3o Nicolau e a Monchique, at\u00e9 ser, pelos fins do s\u00e9culo XIV, fixada na zona do Olival. Foi aqui que, com autoriza\u00e7\u00e3o de Dom Jo\u00e3o II, ficaram as 30 fam\u00edlias de judeus castelhanos, expulsas pelos Reis Cat\u00f3licos. Os judeus do Porto tiveram uma enorme import\u00e2ncia pela sua din\u00e2mica econ\u00f3mica, espiritualidade filos\u00f3fica e teol\u00f3gica e como pedras basilares de outras paragens, de Amesterd\u00e3o a Veneza, da Ba\u00eda a Londres. Mesmo depois de 1496, data da sua convers\u00e3o for\u00e7ada ou expuls\u00e3o de Portugal, a maioria dos judeus portuenses manteve-se na cidade, agora como crist\u00e3os-novos, imprimindo, indelevelmente, a sua marca no burgo<\/p>\n","content":"<p>Em tempos medievais, a comunidade judaica do Porto foi sendo alojada em diversos locais, desde a S\u00e9 a S\u00e3o Nicolau e a Monchique, at\u00e9 ser, pelos fins do s\u00e9culo XIV, fixada na zona do Olival. Foi aqui que, com autoriza\u00e7\u00e3o de Dom Jo\u00e3o II, ficaram as 30 fam\u00edlias de judeus castelhanos, expulsas pelos Reis Cat\u00f3licos. Os judeus do Porto tiveram uma enorme import\u00e2ncia pela sua din\u00e2mica econ\u00f3mica, espiritualidade filos\u00f3fica e teol\u00f3gica e como pedras basilares de outras paragens, de Amesterd\u00e3o a Veneza, da Ba\u00eda a Londres. Mesmo depois de 1496, data da sua convers\u00e3o for\u00e7ada ou expuls\u00e3o de Portugal, a maioria dos judeus portuenses manteve-se na cidade, agora como crist\u00e3os-novos, imprimindo, indelevelmente, a sua marca no burgo.<\/p>\n<p>&nbsp;<\/p>\n<p>Atividade n\u00e3o coberta por seguro de acidentes pessoais.<\/p>\n<p>&nbsp;<\/p>\n<h2>ENTRADA<\/h2>\n<p><a href=\"https:\/\/museudoporto.bol.pt\/Comprar\/Bilhetes\/158417-deriva_51_a_ultima_judiaria_do_porto-museu_do_porto\/\">Bilheteira online<\/a> ou espa\u00e7os com bilheteira do Museu do Porto.<\/p>\n"}],"previous_link":{"label":"DERIVA #51 \u2014 A \u00daLTIMA JUDIARIA DO PORTO","link":"https:\/\/museudoporto.pt\/en\/recurso\/deriva-51-a-ultima-judiaria-do-porto\/"},"next_link":{"label":"","link":""},"ambient_sound":false},"_links":{"self":[{"href":"https:\/\/museudoporto.pt\/en\/wp-json\/wp\/v2\/resource\/19757","targetHints":{"allow":["GET"]}}],"collection":[{"href":"https:\/\/museudoporto.pt\/en\/wp-json\/wp\/v2\/resource"}],"about":[{"href":"https:\/\/museudoporto.pt\/en\/wp-json\/wp\/v2\/types\/resource"}],"wp:featuredmedia":[{"embeddable":true,"href":"https:\/\/museudoporto.pt\/en\/wp-json\/wp\/v2\/media\/19755"}],"wp:attachment":[{"href":"https:\/\/museudoporto.pt\/en\/wp-json\/wp\/v2\/media?parent=19757"}],"wp:term":[{"taxonomy":"resource_category","embeddable":true,"href":"https:\/\/museudoporto.pt\/en\/wp-json\/wp\/v2\/resource_category?post=19757"}],"curies":[{"name":"wp","href":"https:\/\/api.w.org\/{rel}","templated":true}]}}