{"id":22180,"date":"2026-08-20T11:27:19","date_gmt":"2026-08-20T10:27:19","guid":{"rendered":"https:\/\/museudoporto.pt\/?post_type=resource&#038;p=22180"},"modified":"2026-09-03T12:31:16","modified_gmt":"2026-09-03T11:31:16","slug":"na-lamina-implacavel-do-tempo-expoe-o-universo-poetico-de-ines-lourenco","status":"publish","type":"resource","link":"https:\/\/museudoporto.pt\/en\/recurso\/na-lamina-implacavel-do-tempo-expoe-o-universo-poetico-de-ines-lourenco\/","title":{"rendered":"\u00abNa L\u00e2mina Implac\u00e1vel do Tempo\u00bb exp\u00f5e o universo po\u00e9tico de In\u00eas Louren\u00e7o"},"content":{"rendered":"","protected":false},"featured_media":22183,"template":"","resource_category":[7],"class_list":["post-22180","resource","type-resource","status-publish","has-post-thumbnail","hentry","resource_category-noticias"],"acf":{"ambient_sound":false,"breadcrumb":false,"file":false,"content":[{"acf_fc_layout":"news","number":"275","media":{"type":false,"image":{"ID":22184,"id":22184,"title":"Fotografia_Jos\u00e9 Ma\u00e7as de Carvalho_1993","filename":"Fotografia_Jose-Macas-de-Carvalho_1993-1.jpg","filesize":501700,"url":"https:\/\/museudoporto.pt\/wp-content\/uploads\/2026\/09\/Fotografia_Jose-Macas-de-Carvalho_1993-1.jpg","link":"https:\/\/museudoporto.pt\/en\/fotografia_jose-macas-de-carvalho_1993-2-2\/","alt":"","author":"16","description":"","caption":"","name":"fotografia_jose-macas-de-carvalho_1993-2-2","status":"inherit","uploaded_to":0,"date":"2026-09-03 11:29:32","modified":"2026-09-03 11:29:52","menu_order":0,"mime_type":"image\/jpeg","type":"image","subtype":"jpeg","icon":"https:\/\/museudoporto.pt\/wp-includes\/images\/media\/default.png","width":2071,"height":1507,"sizes":{"thumbnail":"https:\/\/museudoporto.pt\/wp-content\/uploads\/2026\/09\/Fotografia_Jose-Macas-de-Carvalho_1993-1-150x150.jpg","thumbnail-width":150,"thumbnail-height":150,"medium":"https:\/\/museudoporto.pt\/wp-content\/uploads\/2026\/09\/Fotografia_Jose-Macas-de-Carvalho_1993-1-300x218.jpg","medium-width":300,"medium-height":218,"medium_large":"https:\/\/museudoporto.pt\/wp-content\/uploads\/2026\/09\/Fotografia_Jose-Macas-de-Carvalho_1993-1-768x559.jpg","medium_large-width":640,"medium_large-height":466,"large":"https:\/\/museudoporto.pt\/wp-content\/uploads\/2026\/09\/Fotografia_Jose-Macas-de-Carvalho_1993-1-1024x745.jpg","large-width":640,"large-height":466,"ufg_200_200":"https:\/\/museudoporto.pt\/wp-content\/uploads\/2026\/09\/Fotografia_Jose-Macas-de-Carvalho_1993-1-200x200.jpg","ufg_200_200-width":200,"ufg_200_200-height":200,"ufg_300_300":"https:\/\/museudoporto.pt\/wp-content\/uploads\/2026\/09\/Fotografia_Jose-Macas-de-Carvalho_1993-1-300x300.jpg","ufg_300_300-width":300,"ufg_300_300-height":300,"ufg_400_400":"https:\/\/museudoporto.pt\/wp-content\/uploads\/2026\/09\/Fotografia_Jose-Macas-de-Carvalho_1993-1-400x400.jpg","ufg_400_400-width":400,"ufg_400_400-height":400,"1536x1536":"https:\/\/museudoporto.pt\/wp-content\/uploads\/2026\/09\/Fotografia_Jose-Macas-de-Carvalho_1993-1-1536x1118.jpg","1536x1536-width":1536,"1536x1536-height":1118,"2048x2048":"https:\/\/museudoporto.pt\/wp-content\/uploads\/2026\/09\/Fotografia_Jose-Macas-de-Carvalho_1993-1-2048x1490.jpg","2048x2048-width":2048,"2048x2048-height":1490}},"gallery":false},"content":"<div id=\"js-read-speaker\" class=\"news-content\">\n<div class=\"rich-text-block__RichTextBlockWrapper-sc-15nl68s-0 kTgUgH\">\n<p><b>A Biblioteca Municipal Almeida Garrett inaugura, no pr\u00f3ximo dia 22 de agosto, \u00e0s 12 horas, a exposi\u00e7\u00e3o \u201cNa L\u00e2mina Implac\u00e1vel do Tempo\u201d, dedicada \u00e0 poeta In\u00eas Louren\u00e7o. Mostra est\u00e1 inserida na edi\u00e7\u00e3o deste ano da Feira do Livro do Porto, com parte da programa\u00e7\u00e3o em torno do universo po\u00e9tico da autora, mas pode ser visitada at\u00e9 10 de outubro.<\/b><\/p>\n<p>Com curadoria e desenho expositivo de Rita Roque, a exposi\u00e7\u00e3o parte do arquivo pessoal de In\u00eas Louren\u00e7o para percorrer mais de quatro d\u00e9cadas do seu universo po\u00e9tico, da atividade editorial e das redes de cria\u00e7\u00e3o e amizade que atravessam a sua obra. Livros, manuscritos, correspond\u00eancia, fotografias, objetos, documenta\u00e7\u00e3o editorial e obras de arte revelam os di\u00e1logos entre literatura, artes visuais, pensamento e edi\u00e7\u00e3o, num percurso que apresenta tamb\u00e9m a totalidade da obra publicada da autora.<\/p>\n<p>&nbsp;<\/p>\n<p><b>Uma voz singular da poesia portuguesa<\/b><\/p>\n<p>Nascida no Porto, a 7 de novembro de 1942, In\u00eas Louren\u00e7o publica poesia e microfic\u00e7\u00e3o desde 1980. Ao longo de mais de quatro d\u00e9cadas construiu uma voz simultaneamente \u00edntima e cr\u00edtica e, em 2023, foi distinguida com a Medalha de M\u00e9rito da Cidade. Em julho de 2026, foi-lhe atribu\u00eddo o II Grande Pr\u00e9mio de Poesia Gil Vicente, pela Associa\u00e7\u00e3o Portuguesa de Escritores. Para a autora, a poesia permanece um territ\u00f3rio de interroga\u00e7\u00e3o, como escreve em O Jogo das Compara\u00e7\u00f5es (2016): \u201cUm poema \/ \u00e9 sempre uma pergunta \/ sem resposta.\u201d<\/p>\n<p>A liga\u00e7\u00e3o ao Porto \u00e9, igualmente, indissoci\u00e1vel do seu percurso. Para o vereador da Cultura, Jorge Sobrado, \u201cIn\u00eas Louren\u00e7o \u00e9 uma das poetas mais singulares e consistentes da literatura portuguesa dos \u00faltimos 40 anos, com uma rela\u00e7\u00e3o umbilical \u00e0 cidade do Porto, enquanto espa\u00e7o aleg\u00f3rico e simb\u00f3lico, narrativo e de vida\u201d.<\/p>\n<p>&nbsp;<\/p>\n<p><b>Entre poesia, edi\u00e7\u00e3o e cria\u00e7\u00e3o<\/b><\/p>\n<p>O t\u00edtulo da exposi\u00e7\u00e3o nasce do poema \u201cReescrita\u201d, publicado em &#8220;Coisas que Nunca&#8221; (2010), no qual In\u00eas Louren\u00e7o escreve sobre \u201cfender os versos \/ com a l\u00e2mina implac\u00e1vel do \/ tempo\u201d. A imagem condensa algumas das linhas de for\u00e7a que atravessam a exposi\u00e7\u00e3o e a pr\u00f3pria obra da poeta: o tempo e a sua passagem, a mem\u00f3ria e as suas fraturas, a linguagem enquanto mat\u00e9ria e lugar de confronto, o corpo e a condi\u00e7\u00e3o feminina.<\/p>\n<p>Um dos n\u00facleos centrais \u00e9 dedicado \u00e0 revista H\u00edfen (1987\u20131999), projeto editorial criado e dirigido por In\u00eas Louren\u00e7o e espa\u00e7o de encontro entre escritores de diferentes gera\u00e7\u00f5es, artistas, tradutores e ensa\u00edstas. Os treze n\u00fameros da revista estar\u00e3o reunidos na exposi\u00e7\u00e3o, que assinala igualmente o lan\u00e7amento da edi\u00e7\u00e3o in\u00e9dita &#8220;P\u00e1ginas Revisitadas \u2013 Cadernos H\u00edfen&#8221; (1987\u20131999), recuperando uma sele\u00e7\u00e3o de textos originalmente publicados na revista.<\/p>\n<p>O di\u00e1logo entre palavra e cria\u00e7\u00e3o visual prolonga-se nas pinturas murais de Facio, concebidas especificamente para o projeto em di\u00e1logo com a obra da poeta. A voz de In\u00eas Louren\u00e7o ganha igualmente presen\u00e7a atrav\u00e9s de um filme-entrevista, conduzido por Armando Guilherme, aproximando o visitante do seu pensamento sobre a poesia, a escrita e o pr\u00f3prio percurso.<\/p>\n<p>Mais do que construir uma retrospetiva linear, a exposi\u00e7\u00e3o organiza livros, imagens, documentos e diferentes formas de di\u00e1logo como uma constela\u00e7\u00e3o de rela\u00e7\u00f5es, ecos e correspond\u00eancias. Nas palavras da curadora Rita Roque, procura-se, sobretudo, criar condi\u00e7\u00f5es para \u201cescutar\u201d a obra: acompanhar os seus ritmos, reconhecer recorr\u00eancias e percorrer as metamorfoses de uma poesia que encontra na linguagem uma forma de resist\u00eancia ao tempo.<\/p>\n<\/div>\n<\/div>\n<div class=\"news-detail-layout__NewsDetailShareButtonsBottom-sc-9d39i2-3 drmfYs\">\n<div class=\"news-detail-page__ShareButtons-sc-11w4798-1 dnJPTf\"><\/div>\n<\/div>\n"}],"previous_link":{"label":"\u201cPorto Regresso ao Futuro\u201d apresenta, pela primeira vez, os arquivos da Porto 2001","link":"https:\/\/museudoporto.pt\/en\/recurso\/porto-regresso-ao-futuro-apresenta-pela-primeira-vez-os-arquivos-da-porto-2001\/"},"next_link":{"label":"","link":""}},"_links":{"self":[{"href":"https:\/\/museudoporto.pt\/en\/wp-json\/wp\/v2\/resource\/22180","targetHints":{"allow":["GET"]}}],"collection":[{"href":"https:\/\/museudoporto.pt\/en\/wp-json\/wp\/v2\/resource"}],"about":[{"href":"https:\/\/museudoporto.pt\/en\/wp-json\/wp\/v2\/types\/resource"}],"wp:featuredmedia":[{"embeddable":true,"href":"https:\/\/museudoporto.pt\/en\/wp-json\/wp\/v2\/media\/22183"}],"wp:attachment":[{"href":"https:\/\/museudoporto.pt\/en\/wp-json\/wp\/v2\/media?parent=22180"}],"wp:term":[{"taxonomy":"resource_category","embeddable":true,"href":"https:\/\/museudoporto.pt\/en\/wp-json\/wp\/v2\/resource_category?post=22180"}],"curies":[{"name":"wp","href":"https:\/\/api.w.org\/{rel}","templated":true}]}}