{"id":22185,"date":"2026-08-11T12:33:30","date_gmt":"2026-08-11T11:33:30","guid":{"rendered":"https:\/\/museudoporto.pt\/?post_type=resource&#038;p=22185"},"modified":"2026-09-03T12:37:13","modified_gmt":"2026-09-03T11:37:13","slug":"porto-regresso-ao-futuro-apresenta-pela-primeira-vez-os-arquivos-da-porto-2001","status":"publish","type":"resource","link":"https:\/\/museudoporto.pt\/en\/recurso\/porto-regresso-ao-futuro-apresenta-pela-primeira-vez-os-arquivos-da-porto-2001\/","title":{"rendered":"\u00abPorto Regresso ao Futuro\u00bb apresenta, pela primeira vez, os arquivos da Porto 2001"},"content":{"rendered":"","protected":false},"featured_media":0,"template":"","resource_category":[7],"class_list":["post-22185","resource","type-resource","status-publish","hentry","resource_category-noticias"],"acf":{"ambient_sound":false,"breadcrumb":false,"file":false,"content":[{"acf_fc_layout":"news","number":"274","media":{"type":false,"image":{"ID":22025,"id":22025,"title":"PREPARATIVOS DA EXPOSI\u00c7\u00c3O PORTO REGRESSO AO FUTURO","filename":"CMP03082026DAVIDOLIVEIRA00036.jpg","filesize":484189,"url":"https:\/\/museudoporto.pt\/wp-content\/uploads\/2026\/08\/CMP03082026DAVIDOLIVEIRA00036.jpg","link":"https:\/\/museudoporto.pt\/en\/preparativos-da-exposicao-porto-regresso-ao-futuro-2\/","alt":"","author":"16","description":"","caption":"Porto, 03\/08\/2026 - Preparativos da exposi\u00e7\u00e3o Porto Regresso ao Futuro, na Antiga Casa da C\u00e2mara David Oliveira\/CMP","name":"preparativos-da-exposicao-porto-regresso-ao-futuro-2","status":"inherit","uploaded_to":0,"date":"2026-08-05 10:23:25","modified":"2026-08-05 10:23:59","menu_order":0,"mime_type":"image\/jpeg","type":"image","subtype":"jpeg","icon":"https:\/\/museudoporto.pt\/wp-includes\/images\/media\/default.png","width":2000,"height":1333,"sizes":{"thumbnail":"https:\/\/museudoporto.pt\/wp-content\/uploads\/2026\/08\/CMP03082026DAVIDOLIVEIRA00036-150x150.jpg","thumbnail-width":150,"thumbnail-height":150,"medium":"https:\/\/museudoporto.pt\/wp-content\/uploads\/2026\/08\/CMP03082026DAVIDOLIVEIRA00036-300x200.jpg","medium-width":300,"medium-height":200,"medium_large":"https:\/\/museudoporto.pt\/wp-content\/uploads\/2026\/08\/CMP03082026DAVIDOLIVEIRA00036-768x512.jpg","medium_large-width":640,"medium_large-height":427,"large":"https:\/\/museudoporto.pt\/wp-content\/uploads\/2026\/08\/CMP03082026DAVIDOLIVEIRA00036-1024x682.jpg","large-width":640,"large-height":426,"ufg_200_200":"https:\/\/museudoporto.pt\/wp-content\/uploads\/2026\/08\/CMP03082026DAVIDOLIVEIRA00036-200x200.jpg","ufg_200_200-width":200,"ufg_200_200-height":200,"ufg_300_300":"https:\/\/museudoporto.pt\/wp-content\/uploads\/2026\/08\/CMP03082026DAVIDOLIVEIRA00036-300x300.jpg","ufg_300_300-width":300,"ufg_300_300-height":300,"ufg_400_400":"https:\/\/museudoporto.pt\/wp-content\/uploads\/2026\/08\/CMP03082026DAVIDOLIVEIRA00036-400x400.jpg","ufg_400_400-width":400,"ufg_400_400-height":400,"1536x1536":"https:\/\/museudoporto.pt\/wp-content\/uploads\/2026\/08\/CMP03082026DAVIDOLIVEIRA00036-1536x1024.jpg","1536x1536-width":1536,"1536x1536-height":1024,"2048x2048":"https:\/\/museudoporto.pt\/wp-content\/uploads\/2026\/08\/CMP03082026DAVIDOLIVEIRA00036.jpg","2048x2048-width":2000,"2048x2048-height":1333}},"gallery":false},"content":"<p><b>O Museu do Porto inaugura, no pr\u00f3ximo s\u00e1bado, 15 de agosto, na Antiga Casa da C\u00e2mara, a exposi\u00e7\u00e3o \u00abPorto Regresso ao Futuro\u00bb, integrada no programa MALHA. Porto, Patrim\u00f3nio de Pessoas. Pela primeira vez, em 25 anos, ser\u00e1 apresentado ao p\u00fablico um vasto conjunto de documentos, fotografias, filmes, obras de arte, objetos e publica\u00e7\u00f5es provenientes dos arquivos da Porto 2001 \u2013 Capital Europeia da Cultura, propondo uma reflex\u00e3o sobre o legado de um dos momentos mais transformadores da hist\u00f3ria recente da cidade.<\/b><\/p>\n<p>Com curadoria de Rita Roque e consultoria de Lu\u00edsa Bessa, a exposi\u00e7\u00e3o prop\u00f5e um percurso que cruza arquivos, mem\u00f3ria e cria\u00e7\u00e3o contempor\u00e2nea, convidando o p\u00fablico a refletir sobre o legado de um dos momentos mais transformadores da hist\u00f3ria recente da cidade.<\/p>\n<p>A mostra resulta de um extenso levantamento documental do arquivo da Porto 2001, atualmente em dep\u00f3sito na Casa da M\u00fasica. Instalada na Antiga Casa da C\u00e2mara, edif\u00edcio projetado por Fernando T\u00e1vora e integrado desde 2023 no Museu do Porto, organiza-se em torno da ideia de um v\u00f3rtice, conceito visual e curatorial que simboliza a rela\u00e7\u00e3o cont\u00ednua entre passado, presente e futuro.<\/p>\n<p>&nbsp;<\/p>\n<p><b>Arquivos que voltam a abrir-se<\/b><\/p>\n<p>\u00abPorto Regresso ao Futuro\u00bb re\u00fane, pela primeira vez, um vasto conjunto de documentos, fotografias, filmes, objetos, publica\u00e7\u00f5es, pe\u00e7as gr\u00e1ficas e materiais de comunica\u00e7\u00e3o provenientes dos arquivos da Porto 2001, revelando os bastidores de um dos mais ambiciosos projetos culturais alguma vez realizados na cidade.<\/p>\n<p>Entre os n\u00facleos expositivos destacam-se o document\u00e1rio \u00abPorto: Regresso ao Futuro\u00bb (2026), realizado por Teresa Pacheco Miranda, que apresenta testemunhos dos comiss\u00e1rios da Porto 2001, e a curta-metragem documental &#8220;Pr\u00f3xima Paragem&#8221; (2001), de Catarina Mour\u00e3o, um retrato da cidade em transforma\u00e7\u00e3o atrav\u00e9s das viagens de autocarro e das hist\u00f3rias dos seus passageiros.<\/p>\n<p>O percurso integra, ainda, a instala\u00e7\u00e3o in\u00e9dita \u00abM\u00e3os na Obra\u00bb, criada pelo coletivo Pedra No Rim (Fabrizio Matos e Israel Pimenta), a maquete da Casa da M\u00fasica, da autoria de Jo\u00e3o Barata Feyo, um desenho in\u00e9dito de Madelon Vriesendorp, bem como um significativo conjunto de livros, cadernos de programa\u00e7\u00e3o, cat\u00e1logos, pe\u00e7as de merchandising e fotografias produzidas no \u00e2mbito da Porto 2001.<\/p>\n<p>Como refere a curadora, \u00abo arquivo n\u00e3o conserva apenas aquilo que fomos; conserva tamb\u00e9m aquilo que ainda podemos ser. Regressar ao futuro \u00e9 reconhecer que a mem\u00f3ria n\u00e3o \u00e9 um lugar de chegada, mas um instrumento para continuar a imaginar a cidade\u00bb, sublinha Rita Roque.<\/p>\n<p>A inaugura\u00e7\u00e3o, \u00e0s 16 horas, ser\u00e1 acompanhada por um DJ set de Rabbit (Ana Coelho) e o evento ser\u00e1 marcado, simbolicamente, pela presen\u00e7a de um DeLorean DMC, estacionado em frente \u00e0 Antiga Casa da C\u00e2mara, evocando o imagin\u00e1rio do filme \u00abRegresso ao Futuro\u00bb.<\/p>\n<p>&nbsp;<\/p>\n<p><b>Programa paralelo<\/b><\/p>\n<p>Ao longo do per\u00edodo em que estar\u00e1 patente, a exposi\u00e7\u00e3o ser\u00e1 acompanhada por um programa paralelo de visitas orientadas, conversas e encontros promovido pelo Museu do Porto, em colabora\u00e7\u00e3o com Lu\u00edsa Bessa e Lu\u00eds Tavares Pereira, aprofundando diferentes perspetivas sobre a Porto 2001, a transforma\u00e7\u00e3o urbana e a constru\u00e7\u00e3o da mem\u00f3ria coletiva da cidade.<\/p>\n<p>Para o vereador da Cultura e Patrim\u00f3nio, \u00aba Porto 2001 foi o <em>DeLorean Time Machine<\/em> da cidade na \u00faltima transi\u00e7\u00e3o de s\u00e9culo. Foi um acelerador da consci\u00eancia e da procura de si do Porto\u00bb.<\/p>\n<p>Com esta exposi\u00e7\u00e3o, afirma Jorge Sobrado, &#8220;abrimos, pela primeira vez, os seus arquivos, n\u00e3o por obsess\u00e3o arqueol\u00f3gica, nem movidos por qualquer idealiza\u00e7\u00e3o rom\u00e2ntica, mas com uma nostalgia de futuro. Ao visar objetos e seus discursos, ambientes e hist\u00f3rias, estaremos ainda a sondar o que ficou de fora, velhos des\u00edgnios por cumprir ou novos desejos de fazer a cidade&#8221;.<\/p>\n"}],"previous_link":{"label":"Caminhos do Rom\u00e2ntico prop\u00f5em percursos especiais pelo Vale de Massarelos","link":"https:\/\/museudoporto.pt\/en\/recurso\/caminhos-do-romantico-propoem-percursos-especiais-pelo-vale-de-massarelos\/"},"next_link":{"label":"\u00abNa L\u00e2mina Implac\u00e1vel do Tempo\u00bb exp\u00f5e o universo po\u00e9tico de In\u00eas Louren\u00e7o","link":"https:\/\/museudoporto.pt\/en\/recurso\/na-lamina-implacavel-do-tempo-expoe-o-universo-poetico-de-ines-lourenco\/"}},"_links":{"self":[{"href":"https:\/\/museudoporto.pt\/en\/wp-json\/wp\/v2\/resource\/22185","targetHints":{"allow":["GET"]}}],"collection":[{"href":"https:\/\/museudoporto.pt\/en\/wp-json\/wp\/v2\/resource"}],"about":[{"href":"https:\/\/museudoporto.pt\/en\/wp-json\/wp\/v2\/types\/resource"}],"wp:attachment":[{"href":"https:\/\/museudoporto.pt\/en\/wp-json\/wp\/v2\/media?parent=22185"}],"wp:term":[{"taxonomy":"resource_category","embeddable":true,"href":"https:\/\/museudoporto.pt\/en\/wp-json\/wp\/v2\/resource_category?post=22185"}],"curies":[{"name":"wp","href":"https:\/\/api.w.org\/{rel}","templated":true}]}}